{"id":40274,"date":"2023-12-05T16:41:44","date_gmt":"2023-12-05T16:41:44","guid":{"rendered":"https:\/\/augustaabogados.com\/abogado\/jordi-garcia-vina\/"},"modified":"2024-07-16T11:20:59","modified_gmt":"2024-07-16T11:20:59","slug":"jordi-garcia-vina","status":"publish","type":"abogado","link":"https:\/\/augustaabogados.com\/ca\/abogado\/jordi-garcia-vina\/","title":{"rendered":"Jordi Garc\u00eda Vi\u00f1a"},"content":{"rendered":"<p>Conseller i Catedr\u00e0tic de Dret del Treball i de la Seguretat Social.<\/p>\n<p>\u00c0rbitre del Servei interconfederal de Mediaci\u00f3 i Arbitratge (SIMA).<\/p>\n<p>Expert en diagn\u00f2stic i execuci\u00f3 de projectes en relacions laborals i gesti\u00f3 de persones per a empreses, organitzacions privades i p\u00fabliques, amb especialitat a les associacions empresarials, tant a nivell nacional, com internacional.<\/p>\n<p>Gesti\u00f3 de plans de formaci\u00f3, contractaci\u00f3, diversitat, plans d&#8217;igualtat, cultura d&#8217;empresa, salut laboral, drets digitals, an\u00e0lisi de dades, pol\u00edtiques de remuneraci\u00f3, compensaci\u00f3 i beneficis, pol\u00edtiques de compliment normatiu, previsi\u00f3 social, mobilitat internacional i expatriaci\u00f3, mecanismes de flexibilitat o processos de reestructuraci\u00f3.<\/p>\n<p>Processos de di\u00e0leg social i acords amb sindicats i representacions dels treballadors, negociaci\u00f3 col\u00b7lectiva i gesti\u00f3 de conflictes.<\/p>\n","protected":false},"excerpt":{"rendered":"<p>Conseller i Catedr\u00e0tic de Dret del Treball i de la Seguretat Social. \u00c0rbitre del Servei interconfederal de Mediaci\u00f3 i Arbitratge (SIMA). Expert en diagn\u00f2stic i execuci\u00f3 de projectes en relacions laborals i gesti\u00f3 de persones per a empreses, organitzacions privades i p\u00fabliques, amb especialitat a les associacions empresarials, tant a nivell nacional, com internacional. Gesti\u00f3 [&hellip;]<\/p>\n","protected":false},"author":2,"featured_media":8753,"comment_status":"closed","ping_status":"closed","template":"","format":"standard","meta":{"content-type":"","site-sidebar-layout":"no-sidebar","site-content-layout":"","ast-site-content-layout":"default","site-content-style":"default","site-sidebar-style":"default","ast-global-header-display":"","ast-banner-title-visibility":"","ast-main-header-display":"","ast-hfb-above-header-display":"","ast-hfb-below-header-display":"","ast-hfb-mobile-header-display":"","site-post-title":"","ast-breadcrumbs-content":"","ast-featured-img":"","footer-sml-layout":"","ast-disable-related-posts":"","theme-transparent-header-meta":"default","adv-header-id-meta":"","stick-header-meta":"","header-above-stick-meta":"","header-main-stick-meta":"","header-below-stick-meta":"","astra-migrate-meta-layouts":"set","ast-page-background-enabled":"default","ast-page-background-meta":{"desktop":{"background-color":"var(--ast-global-color-4)","background-image":"","background-repeat":"repeat","background-position":"center center","background-size":"auto","background-attachment":"scroll","background-type":"","background-media":"","overlay-type":"","overlay-color":"","overlay-opacity":"","overlay-gradient":""},"tablet":{"background-color":"","background-image":"","background-repeat":"repeat","background-position":"center center","background-size":"auto","background-attachment":"scroll","background-type":"","background-media":"","overlay-type":"","overlay-color":"","overlay-opacity":"","overlay-gradient":""},"mobile":{"background-color":"","background-image":"","background-repeat":"repeat","background-position":"center center","background-size":"auto","background-attachment":"scroll","background-type":"","background-media":"","overlay-type":"","overlay-color":"","overlay-opacity":"","overlay-gradient":""}},"ast-content-background-meta":{"desktop":{"background-color":"var(--ast-global-color-5)","background-image":"","background-repeat":"repeat","background-position":"center center","background-size":"auto","background-attachment":"scroll","background-type":"","background-media":"","overlay-type":"","overlay-color":"","overlay-opacity":"","overlay-gradient":""},"tablet":{"background-color":"var(--ast-global-color-5)","background-image":"","background-repeat":"repeat","background-position":"center center","background-size":"auto","background-attachment":"scroll","background-type":"","background-media":"","overlay-type":"","overlay-color":"","overlay-opacity":"","overlay-gradient":""},"mobile":{"background-color":"var(--ast-global-color-5)","background-image":"","background-repeat":"repeat","background-position":"center center","background-size":"auto","background-attachment":"scroll","background-type":"","background-media":"","overlay-type":"","overlay-color":"","overlay-opacity":"","overlay-gradient":""}}},"tipos_de_abogado":[1758,1762],"especialidades_de_los_abogados":[1790],"idiomas_del_los_abogados":[1827,1823,1825,1834],"asociaciones_de_los_abogados":[1838],"class_list":["post-40274","abogado","type-abogado","status-publish","format-standard","has-post-thumbnail","hentry","tipos_de_abogado-abogado-ca","tipos_de_abogado-of-counsel-consejero-ca","especialidades_de_los_abogados-laboral-ca","idiomas_del_los_abogados-ca-ca","idiomas_del_los_abogados-en-ca","idiomas_del_los_abogados-es-ca","idiomas_del_los_abogados-pt-ca","asociaciones_de_los_abogados-bestlawyers-png-ca"],"acf":[],"yoast_head":"<!-- This site is optimized with the Yoast SEO plugin v27.4 - https:\/\/yoast.com\/product\/yoast-seo-wordpress\/ -->\n<title>Jordi Garc\u00eda Vi\u00f1a - Augusta Abogados<\/title>\n<meta name=\"robots\" content=\"index, follow, max-snippet:-1, max-image-preview:large, max-video-preview:-1\" \/>\n<link rel=\"canonical\" href=\"https:\/\/augustaabogados.com\/abogado\/jordi-garcia-vina\/\" \/>\n<meta property=\"og:locale\" content=\"ca_ES\" \/>\n<meta property=\"og:type\" content=\"article\" \/>\n<meta property=\"og:title\" content=\"Jordi Garc\u00eda Vi\u00f1a - Augusta Abogados\" \/>\n<meta property=\"og:description\" content=\"Conseller i Catedr\u00e0tic de Dret del Treball i de la Seguretat Social. \u00c0rbitre del Servei interconfederal de Mediaci\u00f3 i Arbitratge (SIMA). Expert en diagn\u00f2stic i execuci\u00f3 de projectes en relacions laborals i gesti\u00f3 de persones per a empreses, organitzacions privades i p\u00fabliques, amb especialitat a les associacions empresarials, tant a nivell nacional, com internacional. Gesti\u00f3 [&hellip;]\" \/>\n<meta property=\"og:url\" content=\"https:\/\/augustaabogados.com\/abogado\/jordi-garcia-vina\/\" \/>\n<meta property=\"og:site_name\" content=\"Augusta Abogados\" \/>\n<meta property=\"article:modified_time\" content=\"2024-07-16T11:20:59+00:00\" \/>\n<meta property=\"og:image\" content=\"https:\/\/augustaabogados.com\/wp-content\/uploads\/2023\/12\/Jordi-Garcia-Vinas-copia.png\" \/>\n\t<meta property=\"og:image:width\" content=\"431\" \/>\n\t<meta property=\"og:image:height\" content=\"534\" \/>\n\t<meta property=\"og:image:type\" content=\"image\/png\" \/>\n<meta name=\"twitter:card\" content=\"summary_large_image\" \/>\n<meta name=\"twitter:label1\" content=\"Temps estimat de lectura\" \/>\n\t<meta name=\"twitter:data1\" content=\"1 minut\" \/>\n<script type=\"application\/ld+json\" class=\"yoast-schema-graph\">{\"@context\":\"https:\\\/\\\/schema.org\",\"@graph\":[{\"@type\":[\"WebPage\",\"ProfilePage\"],\"@id\":\"https:\\\/\\\/augustaabogados.com\\\/abogado\\\/jordi-garcia-vina\\\/\",\"url\":\"https:\\\/\\\/augustaabogados.com\\\/abogado\\\/jordi-garcia-vina\\\/\",\"name\":\"Jordi Garc\u00eda Vi\u00f1a - Augusta Abogados\",\"isPartOf\":{\"@id\":\"https:\\\/\\\/augustaabogados.com\\\/#website\"},\"primaryImageOfPage\":{\"@id\":\"https:\\\/\\\/augustaabogados.com\\\/abogado\\\/jordi-garcia-vina\\\/#primaryimage\"},\"image\":{\"@id\":\"https:\\\/\\\/augustaabogados.com\\\/abogado\\\/jordi-garcia-vina\\\/#primaryimage\"},\"thumbnailUrl\":\"https:\\\/\\\/augustaabogados.com\\\/wp-content\\\/uploads\\\/2023\\\/12\\\/Jordi-Garcia-Vinas-copia.png\",\"datePublished\":\"2023-12-05T16:41:44+00:00\",\"dateModified\":\"2024-07-16T11:20:59+00:00\",\"breadcrumb\":{\"@id\":\"https:\\\/\\\/augustaabogados.com\\\/abogado\\\/jordi-garcia-vina\\\/#breadcrumb\"},\"inLanguage\":\"ca\",\"potentialAction\":[{\"@type\":\"ReadAction\",\"target\":[\"https:\\\/\\\/augustaabogados.com\\\/abogado\\\/jordi-garcia-vina\\\/\"]}]},{\"@type\":\"ImageObject\",\"inLanguage\":\"ca\",\"@id\":\"https:\\\/\\\/augustaabogados.com\\\/abogado\\\/jordi-garcia-vina\\\/#primaryimage\",\"url\":\"https:\\\/\\\/augustaabogados.com\\\/wp-content\\\/uploads\\\/2023\\\/12\\\/Jordi-Garcia-Vinas-copia.png\",\"contentUrl\":\"https:\\\/\\\/augustaabogados.com\\\/wp-content\\\/uploads\\\/2023\\\/12\\\/Jordi-Garcia-Vinas-copia.png\",\"width\":431,\"height\":534},{\"@type\":\"BreadcrumbList\",\"@id\":\"https:\\\/\\\/augustaabogados.com\\\/abogado\\\/jordi-garcia-vina\\\/#breadcrumb\",\"itemListElement\":[{\"@type\":\"ListItem\",\"position\":1,\"name\":\"Portada\",\"item\":\"https:\\\/\\\/augustaabogados.com\\\/ca\\\/\"},{\"@type\":\"ListItem\",\"position\":2,\"name\":\"Jordi Garc\u00eda Vi\u00f1a\"}]},{\"@type\":\"WebSite\",\"@id\":\"https:\\\/\\\/augustaabogados.com\\\/#website\",\"url\":\"https:\\\/\\\/augustaabogados.com\\\/\",\"name\":\"Augusta Abogados\",\"description\":\"\",\"publisher\":{\"@id\":\"https:\\\/\\\/augustaabogados.com\\\/#organization\"},\"potentialAction\":[{\"@type\":\"SearchAction\",\"target\":{\"@type\":\"EntryPoint\",\"urlTemplate\":\"https:\\\/\\\/augustaabogados.com\\\/?s={search_term_string}\"},\"query-input\":{\"@type\":\"PropertyValueSpecification\",\"valueRequired\":true,\"valueName\":\"search_term_string\"}}],\"inLanguage\":\"ca\"},{\"@type\":\"Organization\",\"@id\":\"https:\\\/\\\/augustaabogados.com\\\/#organization\",\"name\":\"Augusta Abogados\",\"url\":\"https:\\\/\\\/augustaabogados.com\\\/\",\"logo\":{\"@type\":\"ImageObject\",\"inLanguage\":\"ca\",\"@id\":\"https:\\\/\\\/augustaabogados.com\\\/#\\\/schema\\\/logo\\\/image\\\/\",\"url\":\"https:\\\/\\\/augustaabogados.com\\\/wp-content\\\/uploads\\\/2023\\\/11\\\/LOGO-AUGUSTA.svg\",\"contentUrl\":\"https:\\\/\\\/augustaabogados.com\\\/wp-content\\\/uploads\\\/2023\\\/11\\\/LOGO-AUGUSTA.svg\",\"caption\":\"Augusta Abogados\"},\"image\":{\"@id\":\"https:\\\/\\\/augustaabogados.com\\\/#\\\/schema\\\/logo\\\/image\\\/\"},\"mainEntityOfPage\":{\"@id\":\"https:\\\/\\\/augustaabogados.com\\\/abogado\\\/jordi-garcia-vina\\\/\"}}]}<\/script>\n<!-- \/ Yoast SEO plugin. -->","yoast_head_json":{"title":"Jordi Garc\u00eda Vi\u00f1a - Augusta Abogados","robots":{"index":"index","follow":"follow","max-snippet":"max-snippet:-1","max-image-preview":"max-image-preview:large","max-video-preview":"max-video-preview:-1"},"canonical":"https:\/\/augustaabogados.com\/abogado\/jordi-garcia-vina\/","og_locale":"ca_ES","og_type":"article","og_title":"Jordi Garc\u00eda Vi\u00f1a - Augusta Abogados","og_description":"Conseller i Catedr\u00e0tic de Dret del Treball i de la Seguretat Social. \u00c0rbitre del Servei interconfederal de Mediaci\u00f3 i Arbitratge (SIMA). Expert en diagn\u00f2stic i execuci\u00f3 de projectes en relacions laborals i gesti\u00f3 de persones per a empreses, organitzacions privades i p\u00fabliques, amb especialitat a les associacions empresarials, tant a nivell nacional, com internacional. Gesti\u00f3 [&hellip;]","og_url":"https:\/\/augustaabogados.com\/abogado\/jordi-garcia-vina\/","og_site_name":"Augusta Abogados","article_modified_time":"2024-07-16T11:20:59+00:00","og_image":[{"width":431,"height":534,"url":"https:\/\/augustaabogados.com\/wp-content\/uploads\/2023\/12\/Jordi-Garcia-Vinas-copia.png","type":"image\/png"}],"twitter_card":"summary_large_image","twitter_misc":{"Temps estimat de lectura":"1 minut"},"schema":{"@context":"https:\/\/schema.org","@graph":[{"@type":["WebPage","ProfilePage"],"@id":"https:\/\/augustaabogados.com\/abogado\/jordi-garcia-vina\/","url":"https:\/\/augustaabogados.com\/abogado\/jordi-garcia-vina\/","name":"Jordi Garc\u00eda Vi\u00f1a - Augusta Abogados","isPartOf":{"@id":"https:\/\/augustaabogados.com\/#website"},"primaryImageOfPage":{"@id":"https:\/\/augustaabogados.com\/abogado\/jordi-garcia-vina\/#primaryimage"},"image":{"@id":"https:\/\/augustaabogados.com\/abogado\/jordi-garcia-vina\/#primaryimage"},"thumbnailUrl":"https:\/\/augustaabogados.com\/wp-content\/uploads\/2023\/12\/Jordi-Garcia-Vinas-copia.png","datePublished":"2023-12-05T16:41:44+00:00","dateModified":"2024-07-16T11:20:59+00:00","breadcrumb":{"@id":"https:\/\/augustaabogados.com\/abogado\/jordi-garcia-vina\/#breadcrumb"},"inLanguage":"ca","potentialAction":[{"@type":"ReadAction","target":["https:\/\/augustaabogados.com\/abogado\/jordi-garcia-vina\/"]}]},{"@type":"ImageObject","inLanguage":"ca","@id":"https:\/\/augustaabogados.com\/abogado\/jordi-garcia-vina\/#primaryimage","url":"https:\/\/augustaabogados.com\/wp-content\/uploads\/2023\/12\/Jordi-Garcia-Vinas-copia.png","contentUrl":"https:\/\/augustaabogados.com\/wp-content\/uploads\/2023\/12\/Jordi-Garcia-Vinas-copia.png","width":431,"height":534},{"@type":"BreadcrumbList","@id":"https:\/\/augustaabogados.com\/abogado\/jordi-garcia-vina\/#breadcrumb","itemListElement":[{"@type":"ListItem","position":1,"name":"Portada","item":"https:\/\/augustaabogados.com\/ca\/"},{"@type":"ListItem","position":2,"name":"Jordi Garc\u00eda Vi\u00f1a"}]},{"@type":"WebSite","@id":"https:\/\/augustaabogados.com\/#website","url":"https:\/\/augustaabogados.com\/","name":"Augusta Abogados","description":"","publisher":{"@id":"https:\/\/augustaabogados.com\/#organization"},"potentialAction":[{"@type":"SearchAction","target":{"@type":"EntryPoint","urlTemplate":"https:\/\/augustaabogados.com\/?s={search_term_string}"},"query-input":{"@type":"PropertyValueSpecification","valueRequired":true,"valueName":"search_term_string"}}],"inLanguage":"ca"},{"@type":"Organization","@id":"https:\/\/augustaabogados.com\/#organization","name":"Augusta Abogados","url":"https:\/\/augustaabogados.com\/","logo":{"@type":"ImageObject","inLanguage":"ca","@id":"https:\/\/augustaabogados.com\/#\/schema\/logo\/image\/","url":"https:\/\/augustaabogados.com\/wp-content\/uploads\/2023\/11\/LOGO-AUGUSTA.svg","contentUrl":"https:\/\/augustaabogados.com\/wp-content\/uploads\/2023\/11\/LOGO-AUGUSTA.svg","caption":"Augusta Abogados"},"image":{"@id":"https:\/\/augustaabogados.com\/#\/schema\/logo\/image\/"},"mainEntityOfPage":{"@id":"https:\/\/augustaabogados.com\/abogado\/jordi-garcia-vina\/"}}]}},"_links":{"self":[{"href":"https:\/\/augustaabogados.com\/ca\/wp-json\/wp\/v2\/abogado\/40274","targetHints":{"allow":["GET"]}}],"collection":[{"href":"https:\/\/augustaabogados.com\/ca\/wp-json\/wp\/v2\/abogado"}],"about":[{"href":"https:\/\/augustaabogados.com\/ca\/wp-json\/wp\/v2\/types\/abogado"}],"author":[{"embeddable":true,"href":"https:\/\/augustaabogados.com\/ca\/wp-json\/wp\/v2\/users\/2"}],"replies":[{"embeddable":true,"href":"https:\/\/augustaabogados.com\/ca\/wp-json\/wp\/v2\/comments?post=40274"}],"wp:featuredmedia":[{"embeddable":true,"href":"https:\/\/augustaabogados.com\/ca\/wp-json\/wp\/v2\/media\/8753"}],"wp:attachment":[{"href":"https:\/\/augustaabogados.com\/ca\/wp-json\/wp\/v2\/media?parent=40274"}],"wp:term":[{"taxonomy":"tipos_de_abogado","embeddable":true,"href":"https:\/\/augustaabogados.com\/ca\/wp-json\/wp\/v2\/tipos_de_abogado?post=40274"},{"taxonomy":"especialidades_de_los_abogados","embeddable":true,"href":"https:\/\/augustaabogados.com\/ca\/wp-json\/wp\/v2\/especialidades_de_los_abogados?post=40274"},{"taxonomy":"idiomas_del_los_abogados","embeddable":true,"href":"https:\/\/augustaabogados.com\/ca\/wp-json\/wp\/v2\/idiomas_del_los_abogados?post=40274"},{"taxonomy":"asociaciones_de_los_abogados","embeddable":true,"href":"https:\/\/augustaabogados.com\/ca\/wp-json\/wp\/v2\/asociaciones_de_los_abogados?post=40274"}],"curies":[{"name":"wp","href":"https:\/\/api.w.org\/{rel}","templated":true}]}}