{"id":40294,"date":"2023-12-05T16:41:43","date_gmt":"2023-12-05T16:41:43","guid":{"rendered":"https:\/\/augustaabogados.com\/abogado\/gemma-blanch-gimenez\/"},"modified":"2026-03-02T12:55:01","modified_gmt":"2026-03-02T12:55:01","slug":"gemma-blanch-gimenez","status":"publish","type":"abogado","link":"https:\/\/augustaabogados.com\/ca\/abogado\/gemma-blanch-gimenez\/","title":{"rendered":"Gemma Blanch Gimenez"},"content":{"rendered":"<p>Advocada especialista en Dret Laboral, Seguretat Social i Prevenci\u00f3 de Riscos Laborals assessorant nombroses empreses nacionals i multinacionals en assumptes contenciosos i no contenciosos. Concretament, destaca la seva implicaci\u00f3 en els sectors d&#8217;activitat de transport, hostaleria, metall, qu\u00edmica, activitats immobili\u00e0ries, serveis etc. Aix\u00ed mateix, assessora Alts Directius.<\/p>\n<p>&nbsp;<\/p>\n<p>Ha assumit la direcci\u00f3 lletrada en assumptes contenciosos i no contenciosos, i t\u00e9 \u00e0mplia experi\u00e8ncia en les mat\u00e8ries seg\u00fcents:<\/p>\n<p>&#8211; Assessorament contenci\u00f3s en mat\u00e8ria de Dret Laboral, Seguretat Social i Prevenci\u00f3 de Riscos Laborals;<br \/>\n&#8211; Participaci\u00f3 en conciliacions individuals davant el Departament de Treball;<br \/>\n&#8211; Participaci\u00f3 en mediacions i conciliacions col\u00b7lectives davant els \u00f2rgans de mediaci\u00f3 i conciliaci\u00f3 auton\u00f2mics i estatal;<br \/>\n&#8211; Assist\u00e8ncia jur\u00eddica en Inspeccions de Treball;<br \/>\n&#8211; Assessorament i tramitaci\u00f3 d&#8217;Expedients de Regulaci\u00f3 d&#8217;Ocupaci\u00f3 (ERE i ERTO);<br \/>\n&#8211; Elaboraci\u00f3 d&#8217;informes jur\u00eddics en mat\u00e8ria de Dret Laboral i Seguretat Social;<br \/>\n&#8211; Realitzaci\u00f3 d&#8217;Auditories Laborals;<br \/>\n&#8211; Assessorament laboral recurrent en mat\u00e8ria de Dret Laboral;<br \/>\n&#8211; Negociaci\u00f3 col\u00b7lectiva a: despenjaments de condicions de treball i modificaci\u00f3 substancial de condicions de treball.<\/p>\n<p>&nbsp;<\/p>\n<p>A m\u00e9s, Gemma forma part del grup de mediadors i conciliadors del Tribunal Laboral de Catalunya (TLC) per a la resoluci\u00f3 extrajudicial de conflictes.<\/p>\n","protected":false},"excerpt":{"rendered":"<p>Advocada especialista en Dret Laboral, Seguretat Social i Prevenci\u00f3 de Riscos Laborals assessorant nombroses empreses nacionals i multinacionals en assumptes contenciosos i no contenciosos. Concretament, destaca la seva implicaci\u00f3 en els sectors d&#8217;activitat de transport, hostaleria, metall, qu\u00edmica, activitats immobili\u00e0ries, serveis etc. Aix\u00ed mateix, assessora Alts Directius. &nbsp; Ha assumit la direcci\u00f3 lletrada en assumptes [&hellip;]<\/p>\n","protected":false},"author":2,"featured_media":51575,"comment_status":"closed","ping_status":"closed","template":"","format":"standard","meta":{"content-type":"","site-sidebar-layout":"no-sidebar","site-content-layout":"","ast-site-content-layout":"default","site-content-style":"default","site-sidebar-style":"default","ast-global-header-display":"","ast-banner-title-visibility":"","ast-main-header-display":"","ast-hfb-above-header-display":"","ast-hfb-below-header-display":"","ast-hfb-mobile-header-display":"","site-post-title":"","ast-breadcrumbs-content":"","ast-featured-img":"","footer-sml-layout":"","ast-disable-related-posts":"","theme-transparent-header-meta":"default","adv-header-id-meta":"","stick-header-meta":"","header-above-stick-meta":"","header-main-stick-meta":"","header-below-stick-meta":"","astra-migrate-meta-layouts":"set","ast-page-background-enabled":"default","ast-page-background-meta":{"desktop":{"background-color":"var(--ast-global-color-4)","background-image":"","background-repeat":"repeat","background-position":"center center","background-size":"auto","background-attachment":"scroll","background-type":"","background-media":"","overlay-type":"","overlay-color":"","overlay-opacity":"","overlay-gradient":""},"tablet":{"background-color":"","background-image":"","background-repeat":"repeat","background-position":"center center","background-size":"auto","background-attachment":"scroll","background-type":"","background-media":"","overlay-type":"","overlay-color":"","overlay-opacity":"","overlay-gradient":""},"mobile":{"background-color":"","background-image":"","background-repeat":"repeat","background-position":"center center","background-size":"auto","background-attachment":"scroll","background-type":"","background-media":"","overlay-type":"","overlay-color":"","overlay-opacity":"","overlay-gradient":""}},"ast-content-background-meta":{"desktop":{"background-color":"var(--ast-global-color-5)","background-image":"","background-repeat":"repeat","background-position":"center center","background-size":"auto","background-attachment":"scroll","background-type":"","background-media":"","overlay-type":"","overlay-color":"","overlay-opacity":"","overlay-gradient":""},"tablet":{"background-color":"var(--ast-global-color-5)","background-image":"","background-repeat":"repeat","background-position":"center center","background-size":"auto","background-attachment":"scroll","background-type":"","background-media":"","overlay-type":"","overlay-color":"","overlay-opacity":"","overlay-gradient":""},"mobile":{"background-color":"var(--ast-global-color-5)","background-image":"","background-repeat":"repeat","background-position":"center center","background-size":"auto","background-attachment":"scroll","background-type":"","background-media":"","overlay-type":"","overlay-color":"","overlay-opacity":"","overlay-gradient":""}}},"tipos_de_abogado":[1758],"especialidades_de_los_abogados":[1790],"idiomas_del_los_abogados":[1827,1823,1825],"asociaciones_de_los_abogados":[],"class_list":["post-40294","abogado","type-abogado","status-publish","format-standard","has-post-thumbnail","hentry","tipos_de_abogado-abogado-ca","especialidades_de_los_abogados-laboral-ca","idiomas_del_los_abogados-ca-ca","idiomas_del_los_abogados-en-ca","idiomas_del_los_abogados-es-ca"],"acf":[],"yoast_head":"<!-- This site is optimized with the Yoast SEO plugin v27.4 - https:\/\/yoast.com\/product\/yoast-seo-wordpress\/ -->\n<title>Gemma Blanch Gimenez - Augusta Abogados<\/title>\n<meta name=\"robots\" content=\"index, follow, max-snippet:-1, max-image-preview:large, max-video-preview:-1\" \/>\n<link rel=\"canonical\" href=\"https:\/\/augustaabogados.com\/abogado\/gemma-blanch-gimenez\/\" \/>\n<meta property=\"og:locale\" content=\"ca_ES\" \/>\n<meta property=\"og:type\" content=\"article\" \/>\n<meta property=\"og:title\" content=\"Gemma Blanch Gimenez - Augusta Abogados\" \/>\n<meta property=\"og:description\" content=\"Advocada especialista en Dret Laboral, Seguretat Social i Prevenci\u00f3 de Riscos Laborals assessorant nombroses empreses nacionals i multinacionals en assumptes contenciosos i no contenciosos. Concretament, destaca la seva implicaci\u00f3 en els sectors d&#8217;activitat de transport, hostaleria, metall, qu\u00edmica, activitats immobili\u00e0ries, serveis etc. Aix\u00ed mateix, assessora Alts Directius. &nbsp; Ha assumit la direcci\u00f3 lletrada en assumptes [&hellip;]\" \/>\n<meta property=\"og:url\" content=\"https:\/\/augustaabogados.com\/abogado\/gemma-blanch-gimenez\/\" \/>\n<meta property=\"og:site_name\" content=\"Augusta Abogados\" \/>\n<meta property=\"article:modified_time\" content=\"2026-03-02T12:55:01+00:00\" \/>\n<meta property=\"og:image\" content=\"https:\/\/augustaabogados.com\/wp-content\/uploads\/2023\/12\/Gemma-Blanch-2-CV_WEB.png\" \/>\n\t<meta property=\"og:image:width\" content=\"431\" \/>\n\t<meta property=\"og:image:height\" content=\"534\" \/>\n\t<meta property=\"og:image:type\" content=\"image\/png\" \/>\n<meta name=\"twitter:card\" content=\"summary_large_image\" \/>\n<meta name=\"twitter:label1\" content=\"Temps estimat de lectura\" \/>\n\t<meta name=\"twitter:data1\" content=\"2 minuts\" \/>\n<script type=\"application\/ld+json\" class=\"yoast-schema-graph\">{\"@context\":\"https:\\\/\\\/schema.org\",\"@graph\":[{\"@type\":[\"WebPage\",\"ProfilePage\"],\"@id\":\"https:\\\/\\\/augustaabogados.com\\\/abogado\\\/gemma-blanch-gimenez\\\/\",\"url\":\"https:\\\/\\\/augustaabogados.com\\\/abogado\\\/gemma-blanch-gimenez\\\/\",\"name\":\"Gemma Blanch Gimenez - Augusta Abogados\",\"isPartOf\":{\"@id\":\"https:\\\/\\\/augustaabogados.com\\\/#website\"},\"primaryImageOfPage\":{\"@id\":\"https:\\\/\\\/augustaabogados.com\\\/abogado\\\/gemma-blanch-gimenez\\\/#primaryimage\"},\"image\":{\"@id\":\"https:\\\/\\\/augustaabogados.com\\\/abogado\\\/gemma-blanch-gimenez\\\/#primaryimage\"},\"thumbnailUrl\":\"https:\\\/\\\/augustaabogados.com\\\/wp-content\\\/uploads\\\/2023\\\/12\\\/Gemma-Blanch-2-CV_WEB.png\",\"datePublished\":\"2023-12-05T16:41:43+00:00\",\"dateModified\":\"2026-03-02T12:55:01+00:00\",\"breadcrumb\":{\"@id\":\"https:\\\/\\\/augustaabogados.com\\\/abogado\\\/gemma-blanch-gimenez\\\/#breadcrumb\"},\"inLanguage\":\"ca\",\"potentialAction\":[{\"@type\":\"ReadAction\",\"target\":[\"https:\\\/\\\/augustaabogados.com\\\/abogado\\\/gemma-blanch-gimenez\\\/\"]}]},{\"@type\":\"ImageObject\",\"inLanguage\":\"ca\",\"@id\":\"https:\\\/\\\/augustaabogados.com\\\/abogado\\\/gemma-blanch-gimenez\\\/#primaryimage\",\"url\":\"https:\\\/\\\/augustaabogados.com\\\/wp-content\\\/uploads\\\/2023\\\/12\\\/Gemma-Blanch-2-CV_WEB.png\",\"contentUrl\":\"https:\\\/\\\/augustaabogados.com\\\/wp-content\\\/uploads\\\/2023\\\/12\\\/Gemma-Blanch-2-CV_WEB.png\",\"width\":431,\"height\":534},{\"@type\":\"BreadcrumbList\",\"@id\":\"https:\\\/\\\/augustaabogados.com\\\/abogado\\\/gemma-blanch-gimenez\\\/#breadcrumb\",\"itemListElement\":[{\"@type\":\"ListItem\",\"position\":1,\"name\":\"Portada\",\"item\":\"https:\\\/\\\/augustaabogados.com\\\/ca\\\/\"},{\"@type\":\"ListItem\",\"position\":2,\"name\":\"Gemma Blanch Gimenez\"}]},{\"@type\":\"WebSite\",\"@id\":\"https:\\\/\\\/augustaabogados.com\\\/#website\",\"url\":\"https:\\\/\\\/augustaabogados.com\\\/\",\"name\":\"Augusta Abogados\",\"description\":\"\",\"publisher\":{\"@id\":\"https:\\\/\\\/augustaabogados.com\\\/#organization\"},\"potentialAction\":[{\"@type\":\"SearchAction\",\"target\":{\"@type\":\"EntryPoint\",\"urlTemplate\":\"https:\\\/\\\/augustaabogados.com\\\/?s={search_term_string}\"},\"query-input\":{\"@type\":\"PropertyValueSpecification\",\"valueRequired\":true,\"valueName\":\"search_term_string\"}}],\"inLanguage\":\"ca\"},{\"@type\":\"Organization\",\"@id\":\"https:\\\/\\\/augustaabogados.com\\\/#organization\",\"name\":\"Augusta Abogados\",\"url\":\"https:\\\/\\\/augustaabogados.com\\\/\",\"logo\":{\"@type\":\"ImageObject\",\"inLanguage\":\"ca\",\"@id\":\"https:\\\/\\\/augustaabogados.com\\\/#\\\/schema\\\/logo\\\/image\\\/\",\"url\":\"https:\\\/\\\/augustaabogados.com\\\/wp-content\\\/uploads\\\/2023\\\/11\\\/LOGO-AUGUSTA.svg\",\"contentUrl\":\"https:\\\/\\\/augustaabogados.com\\\/wp-content\\\/uploads\\\/2023\\\/11\\\/LOGO-AUGUSTA.svg\",\"caption\":\"Augusta Abogados\"},\"image\":{\"@id\":\"https:\\\/\\\/augustaabogados.com\\\/#\\\/schema\\\/logo\\\/image\\\/\"},\"mainEntityOfPage\":{\"@id\":\"https:\\\/\\\/augustaabogados.com\\\/abogado\\\/gemma-blanch-gimenez\\\/\"}}]}<\/script>\n<!-- \/ Yoast SEO plugin. -->","yoast_head_json":{"title":"Gemma Blanch Gimenez - Augusta Abogados","robots":{"index":"index","follow":"follow","max-snippet":"max-snippet:-1","max-image-preview":"max-image-preview:large","max-video-preview":"max-video-preview:-1"},"canonical":"https:\/\/augustaabogados.com\/abogado\/gemma-blanch-gimenez\/","og_locale":"ca_ES","og_type":"article","og_title":"Gemma Blanch Gimenez - Augusta Abogados","og_description":"Advocada especialista en Dret Laboral, Seguretat Social i Prevenci\u00f3 de Riscos Laborals assessorant nombroses empreses nacionals i multinacionals en assumptes contenciosos i no contenciosos. Concretament, destaca la seva implicaci\u00f3 en els sectors d&#8217;activitat de transport, hostaleria, metall, qu\u00edmica, activitats immobili\u00e0ries, serveis etc. Aix\u00ed mateix, assessora Alts Directius. &nbsp; Ha assumit la direcci\u00f3 lletrada en assumptes [&hellip;]","og_url":"https:\/\/augustaabogados.com\/abogado\/gemma-blanch-gimenez\/","og_site_name":"Augusta Abogados","article_modified_time":"2026-03-02T12:55:01+00:00","og_image":[{"width":431,"height":534,"url":"https:\/\/augustaabogados.com\/wp-content\/uploads\/2023\/12\/Gemma-Blanch-2-CV_WEB.png","type":"image\/png"}],"twitter_card":"summary_large_image","twitter_misc":{"Temps estimat de lectura":"2 minuts"},"schema":{"@context":"https:\/\/schema.org","@graph":[{"@type":["WebPage","ProfilePage"],"@id":"https:\/\/augustaabogados.com\/abogado\/gemma-blanch-gimenez\/","url":"https:\/\/augustaabogados.com\/abogado\/gemma-blanch-gimenez\/","name":"Gemma Blanch Gimenez - Augusta Abogados","isPartOf":{"@id":"https:\/\/augustaabogados.com\/#website"},"primaryImageOfPage":{"@id":"https:\/\/augustaabogados.com\/abogado\/gemma-blanch-gimenez\/#primaryimage"},"image":{"@id":"https:\/\/augustaabogados.com\/abogado\/gemma-blanch-gimenez\/#primaryimage"},"thumbnailUrl":"https:\/\/augustaabogados.com\/wp-content\/uploads\/2023\/12\/Gemma-Blanch-2-CV_WEB.png","datePublished":"2023-12-05T16:41:43+00:00","dateModified":"2026-03-02T12:55:01+00:00","breadcrumb":{"@id":"https:\/\/augustaabogados.com\/abogado\/gemma-blanch-gimenez\/#breadcrumb"},"inLanguage":"ca","potentialAction":[{"@type":"ReadAction","target":["https:\/\/augustaabogados.com\/abogado\/gemma-blanch-gimenez\/"]}]},{"@type":"ImageObject","inLanguage":"ca","@id":"https:\/\/augustaabogados.com\/abogado\/gemma-blanch-gimenez\/#primaryimage","url":"https:\/\/augustaabogados.com\/wp-content\/uploads\/2023\/12\/Gemma-Blanch-2-CV_WEB.png","contentUrl":"https:\/\/augustaabogados.com\/wp-content\/uploads\/2023\/12\/Gemma-Blanch-2-CV_WEB.png","width":431,"height":534},{"@type":"BreadcrumbList","@id":"https:\/\/augustaabogados.com\/abogado\/gemma-blanch-gimenez\/#breadcrumb","itemListElement":[{"@type":"ListItem","position":1,"name":"Portada","item":"https:\/\/augustaabogados.com\/ca\/"},{"@type":"ListItem","position":2,"name":"Gemma Blanch Gimenez"}]},{"@type":"WebSite","@id":"https:\/\/augustaabogados.com\/#website","url":"https:\/\/augustaabogados.com\/","name":"Augusta Abogados","description":"","publisher":{"@id":"https:\/\/augustaabogados.com\/#organization"},"potentialAction":[{"@type":"SearchAction","target":{"@type":"EntryPoint","urlTemplate":"https:\/\/augustaabogados.com\/?s={search_term_string}"},"query-input":{"@type":"PropertyValueSpecification","valueRequired":true,"valueName":"search_term_string"}}],"inLanguage":"ca"},{"@type":"Organization","@id":"https:\/\/augustaabogados.com\/#organization","name":"Augusta Abogados","url":"https:\/\/augustaabogados.com\/","logo":{"@type":"ImageObject","inLanguage":"ca","@id":"https:\/\/augustaabogados.com\/#\/schema\/logo\/image\/","url":"https:\/\/augustaabogados.com\/wp-content\/uploads\/2023\/11\/LOGO-AUGUSTA.svg","contentUrl":"https:\/\/augustaabogados.com\/wp-content\/uploads\/2023\/11\/LOGO-AUGUSTA.svg","caption":"Augusta Abogados"},"image":{"@id":"https:\/\/augustaabogados.com\/#\/schema\/logo\/image\/"},"mainEntityOfPage":{"@id":"https:\/\/augustaabogados.com\/abogado\/gemma-blanch-gimenez\/"}}]}},"_links":{"self":[{"href":"https:\/\/augustaabogados.com\/ca\/wp-json\/wp\/v2\/abogado\/40294","targetHints":{"allow":["GET"]}}],"collection":[{"href":"https:\/\/augustaabogados.com\/ca\/wp-json\/wp\/v2\/abogado"}],"about":[{"href":"https:\/\/augustaabogados.com\/ca\/wp-json\/wp\/v2\/types\/abogado"}],"author":[{"embeddable":true,"href":"https:\/\/augustaabogados.com\/ca\/wp-json\/wp\/v2\/users\/2"}],"replies":[{"embeddable":true,"href":"https:\/\/augustaabogados.com\/ca\/wp-json\/wp\/v2\/comments?post=40294"}],"wp:featuredmedia":[{"embeddable":true,"href":"https:\/\/augustaabogados.com\/ca\/wp-json\/wp\/v2\/media\/51575"}],"wp:attachment":[{"href":"https:\/\/augustaabogados.com\/ca\/wp-json\/wp\/v2\/media?parent=40294"}],"wp:term":[{"taxonomy":"tipos_de_abogado","embeddable":true,"href":"https:\/\/augustaabogados.com\/ca\/wp-json\/wp\/v2\/tipos_de_abogado?post=40294"},{"taxonomy":"especialidades_de_los_abogados","embeddable":true,"href":"https:\/\/augustaabogados.com\/ca\/wp-json\/wp\/v2\/especialidades_de_los_abogados?post=40294"},{"taxonomy":"idiomas_del_los_abogados","embeddable":true,"href":"https:\/\/augustaabogados.com\/ca\/wp-json\/wp\/v2\/idiomas_del_los_abogados?post=40294"},{"taxonomy":"asociaciones_de_los_abogados","embeddable":true,"href":"https:\/\/augustaabogados.com\/ca\/wp-json\/wp\/v2\/asociaciones_de_los_abogados?post=40294"}],"curies":[{"name":"wp","href":"https:\/\/api.w.org\/{rel}","templated":true}]}}