{"id":40313,"date":"2023-12-05T16:41:43","date_gmt":"2023-12-05T16:41:43","guid":{"rendered":"https:\/\/augustaabogados.com\/abogado\/beatriz-ramos-banos\/"},"modified":"2025-07-17T06:42:50","modified_gmt":"2025-07-17T06:42:50","slug":"beatriz-ramos-banos","status":"publish","type":"abogado","link":"https:\/\/augustaabogados.com\/ca\/abogado\/beatriz-ramos-banos\/","title":{"rendered":"Beatriz Ramos"},"content":{"rendered":"<p data-start=\"63\" data-end=\"478\"><strong data-start=\"63\" data-end=\"208\">Paralegal especialitzada en l\u2019\u00e0rea processal, amb \u00e0mplia experi\u00e8ncia en la tramitaci\u00f3 de reclamacions massives en l\u2019\u00e0mbit del transport aeri.<\/strong> Al llarg de la seva traject\u00f2ria, ha col\u00b7laborat estretament amb equips jur\u00eddics en la gesti\u00f3 integral de procediments judicials i extrajudicials, coordinant grans volums d\u2019expedients amb un enfocament en l\u2019efici\u00e8ncia, el compliment normatiu i la satisfacci\u00f3 del client.<\/p>\n<p data-start=\"480\" data-end=\"951\">Disposa de formaci\u00f3 acreditada en sistemes de gesti\u00f3 de la qualitat, medi ambient i seguretat de la informaci\u00f3. Ha obtingut la certificaci\u00f3 IRCA com a auditora en cap en ISO 9001 i est\u00e0 qualificada com a auditora interna en ISO 14001 i ISO 27001. A m\u00e9s, ha completat el curs d\u2019Experta implantadora de l\u2019Esquema Nacional de Seguretat (ENS), fet que li permet contribuir a la millora cont\u00ednua dels processos i al refor\u00e7 del compliment en entorns jur\u00eddics altament regulats.<\/p>\n","protected":false},"excerpt":{"rendered":"<p>Paralegal especialitzada en l\u2019\u00e0rea processal, amb \u00e0mplia experi\u00e8ncia en la tramitaci\u00f3 de reclamacions massives en l\u2019\u00e0mbit del transport aeri. Al llarg de la seva traject\u00f2ria, ha col\u00b7laborat estretament amb equips jur\u00eddics en la gesti\u00f3 integral de procediments judicials i extrajudicials, coordinant grans volums d\u2019expedients amb un enfocament en l\u2019efici\u00e8ncia, el compliment normatiu i la satisfacci\u00f3 [&hellip;]<\/p>\n","protected":false},"author":2,"featured_media":49908,"comment_status":"closed","ping_status":"closed","template":"","format":"standard","meta":{"content-type":"","site-sidebar-layout":"no-sidebar","site-content-layout":"","ast-site-content-layout":"default","site-content-style":"default","site-sidebar-style":"default","ast-global-header-display":"","ast-banner-title-visibility":"","ast-main-header-display":"","ast-hfb-above-header-display":"","ast-hfb-below-header-display":"","ast-hfb-mobile-header-display":"","site-post-title":"","ast-breadcrumbs-content":"","ast-featured-img":"","footer-sml-layout":"","ast-disable-related-posts":"","theme-transparent-header-meta":"default","adv-header-id-meta":"","stick-header-meta":"","header-above-stick-meta":"","header-main-stick-meta":"","header-below-stick-meta":"","astra-migrate-meta-layouts":"set","ast-page-background-enabled":"default","ast-page-background-meta":{"desktop":{"background-color":"var(--ast-global-color-4)","background-image":"","background-repeat":"repeat","background-position":"center center","background-size":"auto","background-attachment":"scroll","background-type":"","background-media":"","overlay-type":"","overlay-color":"","overlay-opacity":"","overlay-gradient":""},"tablet":{"background-color":"","background-image":"","background-repeat":"repeat","background-position":"center center","background-size":"auto","background-attachment":"scroll","background-type":"","background-media":"","overlay-type":"","overlay-color":"","overlay-opacity":"","overlay-gradient":""},"mobile":{"background-color":"","background-image":"","background-repeat":"repeat","background-position":"center center","background-size":"auto","background-attachment":"scroll","background-type":"","background-media":"","overlay-type":"","overlay-color":"","overlay-opacity":"","overlay-gradient":""}},"ast-content-background-meta":{"desktop":{"background-color":"var(--ast-global-color-5)","background-image":"","background-repeat":"repeat","background-position":"center center","background-size":"auto","background-attachment":"scroll","background-type":"","background-media":"","overlay-type":"","overlay-color":"","overlay-opacity":"","overlay-gradient":""},"tablet":{"background-color":"var(--ast-global-color-5)","background-image":"","background-repeat":"repeat","background-position":"center center","background-size":"auto","background-attachment":"scroll","background-type":"","background-media":"","overlay-type":"","overlay-color":"","overlay-opacity":"","overlay-gradient":""},"mobile":{"background-color":"var(--ast-global-color-5)","background-image":"","background-repeat":"repeat","background-position":"center center","background-size":"auto","background-attachment":"scroll","background-type":"","background-media":"","overlay-type":"","overlay-color":"","overlay-opacity":"","overlay-gradient":""}}},"tipos_de_abogado":[1943],"especialidades_de_los_abogados":[1793,1806,1801,1779],"idiomas_del_los_abogados":[1827,1823,1825,1828],"asociaciones_de_los_abogados":[],"class_list":["post-40313","abogado","type-abogado","status-publish","format-standard","has-post-thumbnail","hentry","tipos_de_abogado-paralegal-ca","especialidades_de_los_abogados-aviacion-ca","especialidades_de_los_abogados-litigacion-y-arbitraje-ca","especialidades_de_los_abogados-reclamaciones-masivas-ca","especialidades_de_los_abogados-transporte-y-logistica-ca","idiomas_del_los_abogados-ca-ca","idiomas_del_los_abogados-en-ca","idiomas_del_los_abogados-es-ca","idiomas_del_los_abogados-fr-ca"],"acf":[],"yoast_head":"<!-- This site is optimized with the Yoast SEO plugin v27.4 - https:\/\/yoast.com\/product\/yoast-seo-wordpress\/ -->\n<title>Beatriz Ramos - Augusta Abogados<\/title>\n<meta name=\"robots\" content=\"index, follow, max-snippet:-1, max-image-preview:large, max-video-preview:-1\" \/>\n<link rel=\"canonical\" href=\"https:\/\/augustaabogados.com\/abogado\/beatriz-ramos-banos\/\" \/>\n<meta property=\"og:locale\" content=\"ca_ES\" \/>\n<meta property=\"og:type\" content=\"article\" \/>\n<meta property=\"og:title\" content=\"Beatriz Ramos - Augusta Abogados\" \/>\n<meta property=\"og:description\" content=\"Paralegal especialitzada en l\u2019\u00e0rea processal, amb \u00e0mplia experi\u00e8ncia en la tramitaci\u00f3 de reclamacions massives en l\u2019\u00e0mbit del transport aeri. Al llarg de la seva traject\u00f2ria, ha col\u00b7laborat estretament amb equips jur\u00eddics en la gesti\u00f3 integral de procediments judicials i extrajudicials, coordinant grans volums d\u2019expedients amb un enfocament en l\u2019efici\u00e8ncia, el compliment normatiu i la satisfacci\u00f3 [&hellip;]\" \/>\n<meta property=\"og:url\" content=\"https:\/\/augustaabogados.com\/abogado\/beatriz-ramos-banos\/\" \/>\n<meta property=\"og:site_name\" content=\"Augusta Abogados\" \/>\n<meta property=\"article:modified_time\" content=\"2025-07-17T06:42:50+00:00\" \/>\n<meta property=\"og:image\" content=\"https:\/\/augustaabogados.com\/wp-content\/uploads\/2025\/07\/Beatriz_Ramos-CV_WEB.png\" \/>\n\t<meta property=\"og:image:width\" content=\"431\" \/>\n\t<meta property=\"og:image:height\" content=\"534\" \/>\n\t<meta property=\"og:image:type\" content=\"image\/png\" \/>\n<meta name=\"twitter:card\" content=\"summary_large_image\" \/>\n<meta name=\"twitter:label1\" content=\"Temps estimat de lectura\" \/>\n\t<meta name=\"twitter:data1\" content=\"1 minut\" \/>\n<script type=\"application\/ld+json\" class=\"yoast-schema-graph\">{\"@context\":\"https:\\\/\\\/schema.org\",\"@graph\":[{\"@type\":[\"WebPage\",\"ProfilePage\"],\"@id\":\"https:\\\/\\\/augustaabogados.com\\\/abogado\\\/beatriz-ramos-banos\\\/\",\"url\":\"https:\\\/\\\/augustaabogados.com\\\/abogado\\\/beatriz-ramos-banos\\\/\",\"name\":\"Beatriz Ramos - Augusta Abogados\",\"isPartOf\":{\"@id\":\"https:\\\/\\\/augustaabogados.com\\\/#website\"},\"primaryImageOfPage\":{\"@id\":\"https:\\\/\\\/augustaabogados.com\\\/abogado\\\/beatriz-ramos-banos\\\/#primaryimage\"},\"image\":{\"@id\":\"https:\\\/\\\/augustaabogados.com\\\/abogado\\\/beatriz-ramos-banos\\\/#primaryimage\"},\"thumbnailUrl\":\"https:\\\/\\\/augustaabogados.com\\\/wp-content\\\/uploads\\\/2025\\\/07\\\/Beatriz_Ramos-CV_WEB.png\",\"datePublished\":\"2023-12-05T16:41:43+00:00\",\"dateModified\":\"2025-07-17T06:42:50+00:00\",\"breadcrumb\":{\"@id\":\"https:\\\/\\\/augustaabogados.com\\\/abogado\\\/beatriz-ramos-banos\\\/#breadcrumb\"},\"inLanguage\":\"ca\",\"potentialAction\":[{\"@type\":\"ReadAction\",\"target\":[\"https:\\\/\\\/augustaabogados.com\\\/abogado\\\/beatriz-ramos-banos\\\/\"]}]},{\"@type\":\"ImageObject\",\"inLanguage\":\"ca\",\"@id\":\"https:\\\/\\\/augustaabogados.com\\\/abogado\\\/beatriz-ramos-banos\\\/#primaryimage\",\"url\":\"https:\\\/\\\/augustaabogados.com\\\/wp-content\\\/uploads\\\/2025\\\/07\\\/Beatriz_Ramos-CV_WEB.png\",\"contentUrl\":\"https:\\\/\\\/augustaabogados.com\\\/wp-content\\\/uploads\\\/2025\\\/07\\\/Beatriz_Ramos-CV_WEB.png\",\"width\":431,\"height\":534},{\"@type\":\"BreadcrumbList\",\"@id\":\"https:\\\/\\\/augustaabogados.com\\\/abogado\\\/beatriz-ramos-banos\\\/#breadcrumb\",\"itemListElement\":[{\"@type\":\"ListItem\",\"position\":1,\"name\":\"Portada\",\"item\":\"https:\\\/\\\/augustaabogados.com\\\/ca\\\/\"},{\"@type\":\"ListItem\",\"position\":2,\"name\":\"Beatriz Ramos\"}]},{\"@type\":\"WebSite\",\"@id\":\"https:\\\/\\\/augustaabogados.com\\\/#website\",\"url\":\"https:\\\/\\\/augustaabogados.com\\\/\",\"name\":\"Augusta Abogados\",\"description\":\"\",\"publisher\":{\"@id\":\"https:\\\/\\\/augustaabogados.com\\\/#organization\"},\"potentialAction\":[{\"@type\":\"SearchAction\",\"target\":{\"@type\":\"EntryPoint\",\"urlTemplate\":\"https:\\\/\\\/augustaabogados.com\\\/?s={search_term_string}\"},\"query-input\":{\"@type\":\"PropertyValueSpecification\",\"valueRequired\":true,\"valueName\":\"search_term_string\"}}],\"inLanguage\":\"ca\"},{\"@type\":\"Organization\",\"@id\":\"https:\\\/\\\/augustaabogados.com\\\/#organization\",\"name\":\"Augusta Abogados\",\"url\":\"https:\\\/\\\/augustaabogados.com\\\/\",\"logo\":{\"@type\":\"ImageObject\",\"inLanguage\":\"ca\",\"@id\":\"https:\\\/\\\/augustaabogados.com\\\/#\\\/schema\\\/logo\\\/image\\\/\",\"url\":\"https:\\\/\\\/augustaabogados.com\\\/wp-content\\\/uploads\\\/2023\\\/11\\\/LOGO-AUGUSTA.svg\",\"contentUrl\":\"https:\\\/\\\/augustaabogados.com\\\/wp-content\\\/uploads\\\/2023\\\/11\\\/LOGO-AUGUSTA.svg\",\"caption\":\"Augusta Abogados\"},\"image\":{\"@id\":\"https:\\\/\\\/augustaabogados.com\\\/#\\\/schema\\\/logo\\\/image\\\/\"},\"mainEntityOfPage\":{\"@id\":\"https:\\\/\\\/augustaabogados.com\\\/abogado\\\/beatriz-ramos-banos\\\/\"}}]}<\/script>\n<!-- \/ Yoast SEO plugin. -->","yoast_head_json":{"title":"Beatriz Ramos - Augusta Abogados","robots":{"index":"index","follow":"follow","max-snippet":"max-snippet:-1","max-image-preview":"max-image-preview:large","max-video-preview":"max-video-preview:-1"},"canonical":"https:\/\/augustaabogados.com\/abogado\/beatriz-ramos-banos\/","og_locale":"ca_ES","og_type":"article","og_title":"Beatriz Ramos - Augusta Abogados","og_description":"Paralegal especialitzada en l\u2019\u00e0rea processal, amb \u00e0mplia experi\u00e8ncia en la tramitaci\u00f3 de reclamacions massives en l\u2019\u00e0mbit del transport aeri. Al llarg de la seva traject\u00f2ria, ha col\u00b7laborat estretament amb equips jur\u00eddics en la gesti\u00f3 integral de procediments judicials i extrajudicials, coordinant grans volums d\u2019expedients amb un enfocament en l\u2019efici\u00e8ncia, el compliment normatiu i la satisfacci\u00f3 [&hellip;]","og_url":"https:\/\/augustaabogados.com\/abogado\/beatriz-ramos-banos\/","og_site_name":"Augusta Abogados","article_modified_time":"2025-07-17T06:42:50+00:00","og_image":[{"width":431,"height":534,"url":"https:\/\/augustaabogados.com\/wp-content\/uploads\/2025\/07\/Beatriz_Ramos-CV_WEB.png","type":"image\/png"}],"twitter_card":"summary_large_image","twitter_misc":{"Temps estimat de lectura":"1 minut"},"schema":{"@context":"https:\/\/schema.org","@graph":[{"@type":["WebPage","ProfilePage"],"@id":"https:\/\/augustaabogados.com\/abogado\/beatriz-ramos-banos\/","url":"https:\/\/augustaabogados.com\/abogado\/beatriz-ramos-banos\/","name":"Beatriz Ramos - Augusta Abogados","isPartOf":{"@id":"https:\/\/augustaabogados.com\/#website"},"primaryImageOfPage":{"@id":"https:\/\/augustaabogados.com\/abogado\/beatriz-ramos-banos\/#primaryimage"},"image":{"@id":"https:\/\/augustaabogados.com\/abogado\/beatriz-ramos-banos\/#primaryimage"},"thumbnailUrl":"https:\/\/augustaabogados.com\/wp-content\/uploads\/2025\/07\/Beatriz_Ramos-CV_WEB.png","datePublished":"2023-12-05T16:41:43+00:00","dateModified":"2025-07-17T06:42:50+00:00","breadcrumb":{"@id":"https:\/\/augustaabogados.com\/abogado\/beatriz-ramos-banos\/#breadcrumb"},"inLanguage":"ca","potentialAction":[{"@type":"ReadAction","target":["https:\/\/augustaabogados.com\/abogado\/beatriz-ramos-banos\/"]}]},{"@type":"ImageObject","inLanguage":"ca","@id":"https:\/\/augustaabogados.com\/abogado\/beatriz-ramos-banos\/#primaryimage","url":"https:\/\/augustaabogados.com\/wp-content\/uploads\/2025\/07\/Beatriz_Ramos-CV_WEB.png","contentUrl":"https:\/\/augustaabogados.com\/wp-content\/uploads\/2025\/07\/Beatriz_Ramos-CV_WEB.png","width":431,"height":534},{"@type":"BreadcrumbList","@id":"https:\/\/augustaabogados.com\/abogado\/beatriz-ramos-banos\/#breadcrumb","itemListElement":[{"@type":"ListItem","position":1,"name":"Portada","item":"https:\/\/augustaabogados.com\/ca\/"},{"@type":"ListItem","position":2,"name":"Beatriz Ramos"}]},{"@type":"WebSite","@id":"https:\/\/augustaabogados.com\/#website","url":"https:\/\/augustaabogados.com\/","name":"Augusta Abogados","description":"","publisher":{"@id":"https:\/\/augustaabogados.com\/#organization"},"potentialAction":[{"@type":"SearchAction","target":{"@type":"EntryPoint","urlTemplate":"https:\/\/augustaabogados.com\/?s={search_term_string}"},"query-input":{"@type":"PropertyValueSpecification","valueRequired":true,"valueName":"search_term_string"}}],"inLanguage":"ca"},{"@type":"Organization","@id":"https:\/\/augustaabogados.com\/#organization","name":"Augusta Abogados","url":"https:\/\/augustaabogados.com\/","logo":{"@type":"ImageObject","inLanguage":"ca","@id":"https:\/\/augustaabogados.com\/#\/schema\/logo\/image\/","url":"https:\/\/augustaabogados.com\/wp-content\/uploads\/2023\/11\/LOGO-AUGUSTA.svg","contentUrl":"https:\/\/augustaabogados.com\/wp-content\/uploads\/2023\/11\/LOGO-AUGUSTA.svg","caption":"Augusta Abogados"},"image":{"@id":"https:\/\/augustaabogados.com\/#\/schema\/logo\/image\/"},"mainEntityOfPage":{"@id":"https:\/\/augustaabogados.com\/abogado\/beatriz-ramos-banos\/"}}]}},"_links":{"self":[{"href":"https:\/\/augustaabogados.com\/ca\/wp-json\/wp\/v2\/abogado\/40313","targetHints":{"allow":["GET"]}}],"collection":[{"href":"https:\/\/augustaabogados.com\/ca\/wp-json\/wp\/v2\/abogado"}],"about":[{"href":"https:\/\/augustaabogados.com\/ca\/wp-json\/wp\/v2\/types\/abogado"}],"author":[{"embeddable":true,"href":"https:\/\/augustaabogados.com\/ca\/wp-json\/wp\/v2\/users\/2"}],"replies":[{"embeddable":true,"href":"https:\/\/augustaabogados.com\/ca\/wp-json\/wp\/v2\/comments?post=40313"}],"wp:featuredmedia":[{"embeddable":true,"href":"https:\/\/augustaabogados.com\/ca\/wp-json\/wp\/v2\/media\/49908"}],"wp:attachment":[{"href":"https:\/\/augustaabogados.com\/ca\/wp-json\/wp\/v2\/media?parent=40313"}],"wp:term":[{"taxonomy":"tipos_de_abogado","embeddable":true,"href":"https:\/\/augustaabogados.com\/ca\/wp-json\/wp\/v2\/tipos_de_abogado?post=40313"},{"taxonomy":"especialidades_de_los_abogados","embeddable":true,"href":"https:\/\/augustaabogados.com\/ca\/wp-json\/wp\/v2\/especialidades_de_los_abogados?post=40313"},{"taxonomy":"idiomas_del_los_abogados","embeddable":true,"href":"https:\/\/augustaabogados.com\/ca\/wp-json\/wp\/v2\/idiomas_del_los_abogados?post=40313"},{"taxonomy":"asociaciones_de_los_abogados","embeddable":true,"href":"https:\/\/augustaabogados.com\/ca\/wp-json\/wp\/v2\/asociaciones_de_los_abogados?post=40313"}],"curies":[{"name":"wp","href":"https:\/\/api.w.org\/{rel}","templated":true}]}}