{"id":40315,"date":"2023-12-05T16:41:43","date_gmt":"2023-12-05T16:41:43","guid":{"rendered":"https:\/\/augustaabogados.com\/abogado\/omar-molina-garcia\/"},"modified":"2025-12-05T07:08:27","modified_gmt":"2025-12-05T07:08:27","slug":"omar-molina-garcia","status":"publish","type":"abogado","link":"https:\/\/augustaabogados.com\/ca\/abogado\/omar-molina-garcia\/","title":{"rendered":"Omar Molina Garc\u00eda"},"content":{"rendered":"<p>Omar Molina \u00e9s soci d&#8217;Augusta Abogados, especialitzat en Dret Laboral amb m\u00e9s de 15 anys d\u2019experi\u00e8ncia. Compta amb una s\u00f2lida traject\u00f2ria en negociaci\u00f3 col\u00b7lectiva, gesti\u00f3 de conflictes laborals i defensa jur\u00eddica d\u2019empreses de diversos sectors, entre els quals el telem\u00e0rqueting, la ind\u00fastria siderometal\u00b7l\u00fargica, el sector qu\u00edmic i el d\u2019oficines i despatxos.<\/p>\n<p>&nbsp;<\/p>\n<p>La seva pr\u00e0ctica professional se centra a assessorar empreses en processos de reestructuraci\u00f3, negociaci\u00f3 amb la representaci\u00f3 legal dels treballadors i definici\u00f3 d\u2019estrat\u00e8gies laborals que combinen efici\u00e8ncia, seguretat jur\u00eddica i adaptaci\u00f3 a les normatives vigents.<\/p>\n<p>&nbsp;<\/p>\n<p>Omar ha encap\u00e7alat nombrosos processos de negociaci\u00f3 col\u00b7lectiva i ha refor\u00e7at l\u2019assessorament integral a departaments de recursos humans, aportant una visi\u00f3 estrat\u00e8gica alineada amb els reptes actuals del mercat laboral.<\/p>\n<p>&nbsp;<\/p>\n<p>Reconegut Top Linked Legal, Omar Molina s\u2019ha consolidat com un referent en representaci\u00f3 jur\u00eddica davant inst\u00e0ncies judicials i administratives, aix\u00ed com un aliat clau per a empreses que busquen solucions laborals personalitzades i adequades a un entorn en constant evoluci\u00f3.<\/p>\n","protected":false},"excerpt":{"rendered":"<p>Omar Molina \u00e9s soci d&#8217;Augusta Abogados, especialitzat en Dret Laboral amb m\u00e9s de 15 anys d\u2019experi\u00e8ncia. Compta amb una s\u00f2lida traject\u00f2ria en negociaci\u00f3 col\u00b7lectiva, gesti\u00f3 de conflictes laborals i defensa jur\u00eddica d\u2019empreses de diversos sectors, entre els quals el telem\u00e0rqueting, la ind\u00fastria siderometal\u00b7l\u00fargica, el sector qu\u00edmic i el d\u2019oficines i despatxos. &nbsp; La seva pr\u00e0ctica [&hellip;]<\/p>\n","protected":false},"author":2,"featured_media":8783,"comment_status":"closed","ping_status":"closed","template":"","format":"standard","meta":{"content-type":"","site-sidebar-layout":"no-sidebar","site-content-layout":"","ast-site-content-layout":"default","site-content-style":"default","site-sidebar-style":"default","ast-global-header-display":"","ast-banner-title-visibility":"","ast-main-header-display":"","ast-hfb-above-header-display":"","ast-hfb-below-header-display":"","ast-hfb-mobile-header-display":"","site-post-title":"","ast-breadcrumbs-content":"","ast-featured-img":"","footer-sml-layout":"","ast-disable-related-posts":"","theme-transparent-header-meta":"default","adv-header-id-meta":"","stick-header-meta":"","header-above-stick-meta":"","header-main-stick-meta":"","header-below-stick-meta":"","astra-migrate-meta-layouts":"set","ast-page-background-enabled":"default","ast-page-background-meta":{"desktop":{"background-color":"var(--ast-global-color-4)","background-image":"","background-repeat":"repeat","background-position":"center center","background-size":"auto","background-attachment":"scroll","background-type":"","background-media":"","overlay-type":"","overlay-color":"","overlay-opacity":"","overlay-gradient":""},"tablet":{"background-color":"","background-image":"","background-repeat":"repeat","background-position":"center center","background-size":"auto","background-attachment":"scroll","background-type":"","background-media":"","overlay-type":"","overlay-color":"","overlay-opacity":"","overlay-gradient":""},"mobile":{"background-color":"","background-image":"","background-repeat":"repeat","background-position":"center center","background-size":"auto","background-attachment":"scroll","background-type":"","background-media":"","overlay-type":"","overlay-color":"","overlay-opacity":"","overlay-gradient":""}},"ast-content-background-meta":{"desktop":{"background-color":"var(--ast-global-color-5)","background-image":"","background-repeat":"repeat","background-position":"center center","background-size":"auto","background-attachment":"scroll","background-type":"","background-media":"","overlay-type":"","overlay-color":"","overlay-opacity":"","overlay-gradient":""},"tablet":{"background-color":"var(--ast-global-color-5)","background-image":"","background-repeat":"repeat","background-position":"center center","background-size":"auto","background-attachment":"scroll","background-type":"","background-media":"","overlay-type":"","overlay-color":"","overlay-opacity":"","overlay-gradient":""},"mobile":{"background-color":"var(--ast-global-color-5)","background-image":"","background-repeat":"repeat","background-position":"center center","background-size":"auto","background-attachment":"scroll","background-type":"","background-media":"","overlay-type":"","overlay-color":"","overlay-opacity":"","overlay-gradient":""}}},"tipos_de_abogado":[1758,1752],"especialidades_de_los_abogados":[2002,1790],"idiomas_del_los_abogados":[1827,1823,1825],"asociaciones_de_los_abogados":[1838],"class_list":["post-40315","abogado","type-abogado","status-publish","format-standard","has-post-thumbnail","hentry","tipos_de_abogado-abogado-ca","tipos_de_abogado-socio-ca","especialidades_de_los_abogados-esport","especialidades_de_los_abogados-laboral-ca","idiomas_del_los_abogados-ca-ca","idiomas_del_los_abogados-en-ca","idiomas_del_los_abogados-es-ca","asociaciones_de_los_abogados-bestlawyers-png-ca"],"acf":[],"yoast_head":"<!-- This site is optimized with the Yoast SEO plugin v27.4 - https:\/\/yoast.com\/product\/yoast-seo-wordpress\/ -->\n<title>Omar Molina Garc\u00eda - Augusta Abogados<\/title>\n<meta name=\"robots\" content=\"index, follow, max-snippet:-1, max-image-preview:large, max-video-preview:-1\" \/>\n<link rel=\"canonical\" href=\"https:\/\/augustaabogados.com\/ca\/abogado\/omar-molina-garcia\/\" \/>\n<meta property=\"og:locale\" content=\"ca_ES\" \/>\n<meta property=\"og:type\" content=\"article\" \/>\n<meta property=\"og:title\" content=\"Omar Molina Garc\u00eda - Augusta Abogados\" \/>\n<meta property=\"og:description\" content=\"Omar Molina \u00e9s soci d&#8217;Augusta Abogados, especialitzat en Dret Laboral amb m\u00e9s de 15 anys d\u2019experi\u00e8ncia. Compta amb una s\u00f2lida traject\u00f2ria en negociaci\u00f3 col\u00b7lectiva, gesti\u00f3 de conflictes laborals i defensa jur\u00eddica d\u2019empreses de diversos sectors, entre els quals el telem\u00e0rqueting, la ind\u00fastria siderometal\u00b7l\u00fargica, el sector qu\u00edmic i el d\u2019oficines i despatxos. &nbsp; La seva pr\u00e0ctica [&hellip;]\" \/>\n<meta property=\"og:url\" content=\"https:\/\/augustaabogados.com\/ca\/abogado\/omar-molina-garcia\/\" \/>\n<meta property=\"og:site_name\" content=\"Augusta Abogados\" \/>\n<meta property=\"article:modified_time\" content=\"2025-12-05T07:08:27+00:00\" \/>\n<meta property=\"og:image\" content=\"https:\/\/augustaabogados.com\/wp-content\/uploads\/2023\/12\/Omar-Molina-copia.png\" \/>\n\t<meta property=\"og:image:width\" content=\"431\" \/>\n\t<meta property=\"og:image:height\" content=\"534\" \/>\n\t<meta property=\"og:image:type\" content=\"image\/png\" \/>\n<meta name=\"twitter:card\" content=\"summary_large_image\" \/>\n<meta name=\"twitter:label1\" content=\"Temps estimat de lectura\" \/>\n\t<meta name=\"twitter:data1\" content=\"1 minut\" \/>\n<script type=\"application\/ld+json\" class=\"yoast-schema-graph\">{\"@context\":\"https:\\\/\\\/schema.org\",\"@graph\":[{\"@type\":[\"WebPage\",\"ProfilePage\"],\"@id\":\"https:\\\/\\\/augustaabogados.com\\\/ca\\\/abogado\\\/omar-molina-garcia\\\/\",\"url\":\"https:\\\/\\\/augustaabogados.com\\\/ca\\\/abogado\\\/omar-molina-garcia\\\/\",\"name\":\"Omar Molina Garc\u00eda - Augusta Abogados\",\"isPartOf\":{\"@id\":\"https:\\\/\\\/augustaabogados.com\\\/#website\"},\"primaryImageOfPage\":{\"@id\":\"https:\\\/\\\/augustaabogados.com\\\/ca\\\/abogado\\\/omar-molina-garcia\\\/#primaryimage\"},\"image\":{\"@id\":\"https:\\\/\\\/augustaabogados.com\\\/ca\\\/abogado\\\/omar-molina-garcia\\\/#primaryimage\"},\"thumbnailUrl\":\"https:\\\/\\\/augustaabogados.com\\\/wp-content\\\/uploads\\\/2023\\\/12\\\/Omar-Molina-copia.png\",\"datePublished\":\"2023-12-05T16:41:43+00:00\",\"dateModified\":\"2025-12-05T07:08:27+00:00\",\"breadcrumb\":{\"@id\":\"https:\\\/\\\/augustaabogados.com\\\/ca\\\/abogado\\\/omar-molina-garcia\\\/#breadcrumb\"},\"inLanguage\":\"ca\",\"potentialAction\":[{\"@type\":\"ReadAction\",\"target\":[\"https:\\\/\\\/augustaabogados.com\\\/ca\\\/abogado\\\/omar-molina-garcia\\\/\"]}]},{\"@type\":\"ImageObject\",\"inLanguage\":\"ca\",\"@id\":\"https:\\\/\\\/augustaabogados.com\\\/ca\\\/abogado\\\/omar-molina-garcia\\\/#primaryimage\",\"url\":\"https:\\\/\\\/augustaabogados.com\\\/wp-content\\\/uploads\\\/2023\\\/12\\\/Omar-Molina-copia.png\",\"contentUrl\":\"https:\\\/\\\/augustaabogados.com\\\/wp-content\\\/uploads\\\/2023\\\/12\\\/Omar-Molina-copia.png\",\"width\":431,\"height\":534},{\"@type\":\"BreadcrumbList\",\"@id\":\"https:\\\/\\\/augustaabogados.com\\\/ca\\\/abogado\\\/omar-molina-garcia\\\/#breadcrumb\",\"itemListElement\":[{\"@type\":\"ListItem\",\"position\":1,\"name\":\"Portada\",\"item\":\"https:\\\/\\\/augustaabogados.com\\\/ca\\\/\"},{\"@type\":\"ListItem\",\"position\":2,\"name\":\"Omar Molina Garc\u00eda\"}]},{\"@type\":\"WebSite\",\"@id\":\"https:\\\/\\\/augustaabogados.com\\\/#website\",\"url\":\"https:\\\/\\\/augustaabogados.com\\\/\",\"name\":\"Augusta Abogados\",\"description\":\"\",\"publisher\":{\"@id\":\"https:\\\/\\\/augustaabogados.com\\\/#organization\"},\"potentialAction\":[{\"@type\":\"SearchAction\",\"target\":{\"@type\":\"EntryPoint\",\"urlTemplate\":\"https:\\\/\\\/augustaabogados.com\\\/?s={search_term_string}\"},\"query-input\":{\"@type\":\"PropertyValueSpecification\",\"valueRequired\":true,\"valueName\":\"search_term_string\"}}],\"inLanguage\":\"ca\"},{\"@type\":\"Organization\",\"@id\":\"https:\\\/\\\/augustaabogados.com\\\/#organization\",\"name\":\"Augusta Abogados\",\"url\":\"https:\\\/\\\/augustaabogados.com\\\/\",\"logo\":{\"@type\":\"ImageObject\",\"inLanguage\":\"ca\",\"@id\":\"https:\\\/\\\/augustaabogados.com\\\/#\\\/schema\\\/logo\\\/image\\\/\",\"url\":\"https:\\\/\\\/augustaabogados.com\\\/wp-content\\\/uploads\\\/2023\\\/11\\\/LOGO-AUGUSTA.svg\",\"contentUrl\":\"https:\\\/\\\/augustaabogados.com\\\/wp-content\\\/uploads\\\/2023\\\/11\\\/LOGO-AUGUSTA.svg\",\"caption\":\"Augusta Abogados\"},\"image\":{\"@id\":\"https:\\\/\\\/augustaabogados.com\\\/#\\\/schema\\\/logo\\\/image\\\/\"},\"mainEntityOfPage\":{\"@id\":\"https:\\\/\\\/augustaabogados.com\\\/ca\\\/abogado\\\/omar-molina-garcia\\\/\"}}]}<\/script>\n<!-- \/ Yoast SEO plugin. -->","yoast_head_json":{"title":"Omar Molina Garc\u00eda - Augusta Abogados","robots":{"index":"index","follow":"follow","max-snippet":"max-snippet:-1","max-image-preview":"max-image-preview:large","max-video-preview":"max-video-preview:-1"},"canonical":"https:\/\/augustaabogados.com\/ca\/abogado\/omar-molina-garcia\/","og_locale":"ca_ES","og_type":"article","og_title":"Omar Molina Garc\u00eda - Augusta Abogados","og_description":"Omar Molina \u00e9s soci d&#8217;Augusta Abogados, especialitzat en Dret Laboral amb m\u00e9s de 15 anys d\u2019experi\u00e8ncia. Compta amb una s\u00f2lida traject\u00f2ria en negociaci\u00f3 col\u00b7lectiva, gesti\u00f3 de conflictes laborals i defensa jur\u00eddica d\u2019empreses de diversos sectors, entre els quals el telem\u00e0rqueting, la ind\u00fastria siderometal\u00b7l\u00fargica, el sector qu\u00edmic i el d\u2019oficines i despatxos. &nbsp; La seva pr\u00e0ctica [&hellip;]","og_url":"https:\/\/augustaabogados.com\/ca\/abogado\/omar-molina-garcia\/","og_site_name":"Augusta Abogados","article_modified_time":"2025-12-05T07:08:27+00:00","og_image":[{"width":431,"height":534,"url":"https:\/\/augustaabogados.com\/wp-content\/uploads\/2023\/12\/Omar-Molina-copia.png","type":"image\/png"}],"twitter_card":"summary_large_image","twitter_misc":{"Temps estimat de lectura":"1 minut"},"schema":{"@context":"https:\/\/schema.org","@graph":[{"@type":["WebPage","ProfilePage"],"@id":"https:\/\/augustaabogados.com\/ca\/abogado\/omar-molina-garcia\/","url":"https:\/\/augustaabogados.com\/ca\/abogado\/omar-molina-garcia\/","name":"Omar Molina Garc\u00eda - Augusta Abogados","isPartOf":{"@id":"https:\/\/augustaabogados.com\/#website"},"primaryImageOfPage":{"@id":"https:\/\/augustaabogados.com\/ca\/abogado\/omar-molina-garcia\/#primaryimage"},"image":{"@id":"https:\/\/augustaabogados.com\/ca\/abogado\/omar-molina-garcia\/#primaryimage"},"thumbnailUrl":"https:\/\/augustaabogados.com\/wp-content\/uploads\/2023\/12\/Omar-Molina-copia.png","datePublished":"2023-12-05T16:41:43+00:00","dateModified":"2025-12-05T07:08:27+00:00","breadcrumb":{"@id":"https:\/\/augustaabogados.com\/ca\/abogado\/omar-molina-garcia\/#breadcrumb"},"inLanguage":"ca","potentialAction":[{"@type":"ReadAction","target":["https:\/\/augustaabogados.com\/ca\/abogado\/omar-molina-garcia\/"]}]},{"@type":"ImageObject","inLanguage":"ca","@id":"https:\/\/augustaabogados.com\/ca\/abogado\/omar-molina-garcia\/#primaryimage","url":"https:\/\/augustaabogados.com\/wp-content\/uploads\/2023\/12\/Omar-Molina-copia.png","contentUrl":"https:\/\/augustaabogados.com\/wp-content\/uploads\/2023\/12\/Omar-Molina-copia.png","width":431,"height":534},{"@type":"BreadcrumbList","@id":"https:\/\/augustaabogados.com\/ca\/abogado\/omar-molina-garcia\/#breadcrumb","itemListElement":[{"@type":"ListItem","position":1,"name":"Portada","item":"https:\/\/augustaabogados.com\/ca\/"},{"@type":"ListItem","position":2,"name":"Omar Molina Garc\u00eda"}]},{"@type":"WebSite","@id":"https:\/\/augustaabogados.com\/#website","url":"https:\/\/augustaabogados.com\/","name":"Augusta Abogados","description":"","publisher":{"@id":"https:\/\/augustaabogados.com\/#organization"},"potentialAction":[{"@type":"SearchAction","target":{"@type":"EntryPoint","urlTemplate":"https:\/\/augustaabogados.com\/?s={search_term_string}"},"query-input":{"@type":"PropertyValueSpecification","valueRequired":true,"valueName":"search_term_string"}}],"inLanguage":"ca"},{"@type":"Organization","@id":"https:\/\/augustaabogados.com\/#organization","name":"Augusta Abogados","url":"https:\/\/augustaabogados.com\/","logo":{"@type":"ImageObject","inLanguage":"ca","@id":"https:\/\/augustaabogados.com\/#\/schema\/logo\/image\/","url":"https:\/\/augustaabogados.com\/wp-content\/uploads\/2023\/11\/LOGO-AUGUSTA.svg","contentUrl":"https:\/\/augustaabogados.com\/wp-content\/uploads\/2023\/11\/LOGO-AUGUSTA.svg","caption":"Augusta Abogados"},"image":{"@id":"https:\/\/augustaabogados.com\/#\/schema\/logo\/image\/"},"mainEntityOfPage":{"@id":"https:\/\/augustaabogados.com\/ca\/abogado\/omar-molina-garcia\/"}}]}},"_links":{"self":[{"href":"https:\/\/augustaabogados.com\/ca\/wp-json\/wp\/v2\/abogado\/40315","targetHints":{"allow":["GET"]}}],"collection":[{"href":"https:\/\/augustaabogados.com\/ca\/wp-json\/wp\/v2\/abogado"}],"about":[{"href":"https:\/\/augustaabogados.com\/ca\/wp-json\/wp\/v2\/types\/abogado"}],"author":[{"embeddable":true,"href":"https:\/\/augustaabogados.com\/ca\/wp-json\/wp\/v2\/users\/2"}],"replies":[{"embeddable":true,"href":"https:\/\/augustaabogados.com\/ca\/wp-json\/wp\/v2\/comments?post=40315"}],"wp:featuredmedia":[{"embeddable":true,"href":"https:\/\/augustaabogados.com\/ca\/wp-json\/wp\/v2\/media\/8783"}],"wp:attachment":[{"href":"https:\/\/augustaabogados.com\/ca\/wp-json\/wp\/v2\/media?parent=40315"}],"wp:term":[{"taxonomy":"tipos_de_abogado","embeddable":true,"href":"https:\/\/augustaabogados.com\/ca\/wp-json\/wp\/v2\/tipos_de_abogado?post=40315"},{"taxonomy":"especialidades_de_los_abogados","embeddable":true,"href":"https:\/\/augustaabogados.com\/ca\/wp-json\/wp\/v2\/especialidades_de_los_abogados?post=40315"},{"taxonomy":"idiomas_del_los_abogados","embeddable":true,"href":"https:\/\/augustaabogados.com\/ca\/wp-json\/wp\/v2\/idiomas_del_los_abogados?post=40315"},{"taxonomy":"asociaciones_de_los_abogados","embeddable":true,"href":"https:\/\/augustaabogados.com\/ca\/wp-json\/wp\/v2\/asociaciones_de_los_abogados?post=40315"}],"curies":[{"name":"wp","href":"https:\/\/api.w.org\/{rel}","templated":true}]}}