{"id":43338,"date":"2024-05-16T12:29:40","date_gmt":"2024-05-16T12:29:40","guid":{"rendered":"https:\/\/augustaabogados.com\/abogado\/nataly-trenkamp\/"},"modified":"2024-07-08T17:18:50","modified_gmt":"2024-07-08T17:18:50","slug":"nataly-trenkamp","status":"publish","type":"abogado","link":"https:\/\/augustaabogados.com\/ca\/abogado\/nataly-trenkamp\/","title":{"rendered":"Nataly Trenkamp"},"content":{"rendered":"<p>Advocada especialitzada en Dret P\u00fablic. Compta amb una \u00e0mplia experi\u00e8ncia en la defensa i assessorament de clients en procediments administratius i contenci\u00f3s-administratius de tota mena. Entre altres, destaca el seu treball en defensa i assessorament de prestadors de serveis de la societat de la informaci\u00f3 (<em>marketplaces<\/em>) en procediments sancionadors iniciats per les Administracions P\u00fabliques per suposades vulneracions de diferents normatives auton\u00f2miques, i la defensa a promotors immobiliaris i operadors en procediments sancionadors i de protecci\u00f3 o restauraci\u00f3 de la legalitat, iniciats per suposades vulneracions de les llic\u00e8ncies d&#8217;obra o activitat atorgades.<\/p>\n<p>Aix\u00ed mateix, assessora de manera recurrent a fons d&#8217;inversi\u00f3, promotors immobiliaris, hotels i entitats financeres en grans projectes de nova construcci\u00f3, rehabilitaci\u00f3 o reforma d&#8217;immobles. Aquest assessorament inclou, entre altres, l&#8217;an\u00e0lisi de les llic\u00e8ncies i autoritzacions d&#8217;obres, activitat, mediambientals i sectorials necess\u00e0ries per al desenvolupament del projecte, l&#8217;an\u00e0lisi urban\u00edstica de les parcel\u00b7les, aix\u00ed com l&#8217;an\u00e0lisi mediambiental (s\u00f2ls contaminats, gesti\u00f3 de residus, etc.).<\/p>\n","protected":false},"excerpt":{"rendered":"<p>Advocada especialitzada en Dret P\u00fablic. Compta amb una \u00e0mplia experi\u00e8ncia en la defensa i assessorament de clients en procediments administratius i contenci\u00f3s-administratius de tota mena. Entre altres, destaca el seu treball en defensa i assessorament de prestadors de serveis de la societat de la informaci\u00f3 (marketplaces) en procediments sancionadors iniciats per les Administracions P\u00fabliques per [&hellip;]<\/p>\n","protected":false},"author":8,"featured_media":45136,"comment_status":"closed","ping_status":"closed","template":"","format":"standard","meta":{"content-type":"","site-sidebar-layout":"default","site-content-layout":"","ast-site-content-layout":"default","site-content-style":"default","site-sidebar-style":"default","ast-global-header-display":"","ast-banner-title-visibility":"","ast-main-header-display":"","ast-hfb-above-header-display":"","ast-hfb-below-header-display":"","ast-hfb-mobile-header-display":"","site-post-title":"","ast-breadcrumbs-content":"","ast-featured-img":"","footer-sml-layout":"","ast-disable-related-posts":"","theme-transparent-header-meta":"default","adv-header-id-meta":"","stick-header-meta":"","header-above-stick-meta":"","header-main-stick-meta":"","header-below-stick-meta":"","astra-migrate-meta-layouts":"set","ast-page-background-enabled":"default","ast-page-background-meta":{"desktop":{"background-color":"var(--ast-global-color-4)","background-image":"","background-repeat":"repeat","background-position":"center center","background-size":"auto","background-attachment":"scroll","background-type":"","background-media":"","overlay-type":"","overlay-color":"","overlay-opacity":"","overlay-gradient":""},"tablet":{"background-color":"","background-image":"","background-repeat":"repeat","background-position":"center center","background-size":"auto","background-attachment":"scroll","background-type":"","background-media":"","overlay-type":"","overlay-color":"","overlay-opacity":"","overlay-gradient":""},"mobile":{"background-color":"","background-image":"","background-repeat":"repeat","background-position":"center center","background-size":"auto","background-attachment":"scroll","background-type":"","background-media":"","overlay-type":"","overlay-color":"","overlay-opacity":"","overlay-gradient":""}},"ast-content-background-meta":{"desktop":{"background-color":"var(--ast-global-color-5)","background-image":"","background-repeat":"repeat","background-position":"center center","background-size":"auto","background-attachment":"scroll","background-type":"","background-media":"","overlay-type":"","overlay-color":"","overlay-opacity":"","overlay-gradient":""},"tablet":{"background-color":"var(--ast-global-color-5)","background-image":"","background-repeat":"repeat","background-position":"center center","background-size":"auto","background-attachment":"scroll","background-type":"","background-media":"","overlay-type":"","overlay-color":"","overlay-opacity":"","overlay-gradient":""},"mobile":{"background-color":"var(--ast-global-color-5)","background-image":"","background-repeat":"repeat","background-position":"center center","background-size":"auto","background-attachment":"scroll","background-type":"","background-media":"","overlay-type":"","overlay-color":"","overlay-opacity":"","overlay-gradient":""}}},"tipos_de_abogado":[1758,1755],"especialidades_de_los_abogados":[1802,2001,1952,1782,1816,1818],"idiomas_del_los_abogados":[1827,1823,1825,1828],"asociaciones_de_los_abogados":[],"class_list":["post-43338","abogado","type-abogado","status-publish","format-standard","has-post-thumbnail","hentry","tipos_de_abogado-abogado-ca","tipos_de_abogado-director-ca","especialidades_de_los_abogados-construccion-ca","especialidades_de_los_abogados-contractacio-del-sector-public","especialidades_de_los_abogados-dret-public","especialidades_de_los_abogados-inmobiliario-ca","especialidades_de_los_abogados-sectores-regulados-ca","especialidades_de_los_abogados-medios-y-telecomunicaciones-tmt-ca","idiomas_del_los_abogados-ca-ca","idiomas_del_los_abogados-en-ca","idiomas_del_los_abogados-es-ca","idiomas_del_los_abogados-fr-ca"],"acf":[],"yoast_head":"<!-- This site is optimized with the Yoast SEO plugin v27.4 - https:\/\/yoast.com\/product\/yoast-seo-wordpress\/ -->\n<title>Nataly Trenkamp - Augusta Abogados<\/title>\n<meta name=\"robots\" content=\"index, follow, max-snippet:-1, max-image-preview:large, max-video-preview:-1\" \/>\n<link rel=\"canonical\" href=\"https:\/\/augustaabogados.com\/ca\/abogado\/nataly-trenkamp\/\" \/>\n<meta property=\"og:locale\" content=\"ca_ES\" \/>\n<meta property=\"og:type\" content=\"article\" \/>\n<meta property=\"og:title\" content=\"Nataly Trenkamp - Augusta Abogados\" \/>\n<meta property=\"og:description\" content=\"Advocada especialitzada en Dret P\u00fablic. Compta amb una \u00e0mplia experi\u00e8ncia en la defensa i assessorament de clients en procediments administratius i contenci\u00f3s-administratius de tota mena. Entre altres, destaca el seu treball en defensa i assessorament de prestadors de serveis de la societat de la informaci\u00f3 (marketplaces) en procediments sancionadors iniciats per les Administracions P\u00fabliques per [&hellip;]\" \/>\n<meta property=\"og:url\" content=\"https:\/\/augustaabogados.com\/ca\/abogado\/nataly-trenkamp\/\" \/>\n<meta property=\"og:site_name\" content=\"Augusta Abogados\" \/>\n<meta property=\"article:modified_time\" content=\"2024-07-08T17:18:50+00:00\" \/>\n<meta property=\"og:image\" content=\"https:\/\/augustaabogados.com\/wp-content\/uploads\/2024\/05\/Nataly-Trenkamp-Miranda-2-CV_WEB.png\" \/>\n\t<meta property=\"og:image:width\" content=\"431\" \/>\n\t<meta property=\"og:image:height\" content=\"534\" \/>\n\t<meta property=\"og:image:type\" content=\"image\/png\" \/>\n<meta name=\"twitter:card\" content=\"summary_large_image\" \/>\n<meta name=\"twitter:label1\" content=\"Temps estimat de lectura\" \/>\n\t<meta name=\"twitter:data1\" content=\"1 minut\" \/>\n<script type=\"application\/ld+json\" class=\"yoast-schema-graph\">{\"@context\":\"https:\\\/\\\/schema.org\",\"@graph\":[{\"@type\":[\"WebPage\",\"ProfilePage\"],\"@id\":\"https:\\\/\\\/augustaabogados.com\\\/ca\\\/abogado\\\/nataly-trenkamp\\\/\",\"url\":\"https:\\\/\\\/augustaabogados.com\\\/ca\\\/abogado\\\/nataly-trenkamp\\\/\",\"name\":\"Nataly Trenkamp - Augusta Abogados\",\"isPartOf\":{\"@id\":\"https:\\\/\\\/augustaabogados.com\\\/#website\"},\"primaryImageOfPage\":{\"@id\":\"https:\\\/\\\/augustaabogados.com\\\/ca\\\/abogado\\\/nataly-trenkamp\\\/#primaryimage\"},\"image\":{\"@id\":\"https:\\\/\\\/augustaabogados.com\\\/ca\\\/abogado\\\/nataly-trenkamp\\\/#primaryimage\"},\"thumbnailUrl\":\"https:\\\/\\\/augustaabogados.com\\\/wp-content\\\/uploads\\\/2024\\\/05\\\/Nataly-Trenkamp-Miranda-2-CV_WEB.png\",\"datePublished\":\"2024-05-16T12:29:40+00:00\",\"dateModified\":\"2024-07-08T17:18:50+00:00\",\"breadcrumb\":{\"@id\":\"https:\\\/\\\/augustaabogados.com\\\/ca\\\/abogado\\\/nataly-trenkamp\\\/#breadcrumb\"},\"inLanguage\":\"ca\",\"potentialAction\":[{\"@type\":\"ReadAction\",\"target\":[\"https:\\\/\\\/augustaabogados.com\\\/ca\\\/abogado\\\/nataly-trenkamp\\\/\"]}]},{\"@type\":\"ImageObject\",\"inLanguage\":\"ca\",\"@id\":\"https:\\\/\\\/augustaabogados.com\\\/ca\\\/abogado\\\/nataly-trenkamp\\\/#primaryimage\",\"url\":\"https:\\\/\\\/augustaabogados.com\\\/wp-content\\\/uploads\\\/2024\\\/05\\\/Nataly-Trenkamp-Miranda-2-CV_WEB.png\",\"contentUrl\":\"https:\\\/\\\/augustaabogados.com\\\/wp-content\\\/uploads\\\/2024\\\/05\\\/Nataly-Trenkamp-Miranda-2-CV_WEB.png\",\"width\":431,\"height\":534},{\"@type\":\"BreadcrumbList\",\"@id\":\"https:\\\/\\\/augustaabogados.com\\\/ca\\\/abogado\\\/nataly-trenkamp\\\/#breadcrumb\",\"itemListElement\":[{\"@type\":\"ListItem\",\"position\":1,\"name\":\"Portada\",\"item\":\"https:\\\/\\\/augustaabogados.com\\\/ca\\\/\"},{\"@type\":\"ListItem\",\"position\":2,\"name\":\"Nataly Trenkamp\"}]},{\"@type\":\"WebSite\",\"@id\":\"https:\\\/\\\/augustaabogados.com\\\/#website\",\"url\":\"https:\\\/\\\/augustaabogados.com\\\/\",\"name\":\"Augusta Abogados\",\"description\":\"\",\"publisher\":{\"@id\":\"https:\\\/\\\/augustaabogados.com\\\/#organization\"},\"potentialAction\":[{\"@type\":\"SearchAction\",\"target\":{\"@type\":\"EntryPoint\",\"urlTemplate\":\"https:\\\/\\\/augustaabogados.com\\\/?s={search_term_string}\"},\"query-input\":{\"@type\":\"PropertyValueSpecification\",\"valueRequired\":true,\"valueName\":\"search_term_string\"}}],\"inLanguage\":\"ca\"},{\"@type\":\"Organization\",\"@id\":\"https:\\\/\\\/augustaabogados.com\\\/#organization\",\"name\":\"Augusta Abogados\",\"url\":\"https:\\\/\\\/augustaabogados.com\\\/\",\"logo\":{\"@type\":\"ImageObject\",\"inLanguage\":\"ca\",\"@id\":\"https:\\\/\\\/augustaabogados.com\\\/#\\\/schema\\\/logo\\\/image\\\/\",\"url\":\"https:\\\/\\\/augustaabogados.com\\\/wp-content\\\/uploads\\\/2023\\\/11\\\/LOGO-AUGUSTA.svg\",\"contentUrl\":\"https:\\\/\\\/augustaabogados.com\\\/wp-content\\\/uploads\\\/2023\\\/11\\\/LOGO-AUGUSTA.svg\",\"caption\":\"Augusta Abogados\"},\"image\":{\"@id\":\"https:\\\/\\\/augustaabogados.com\\\/#\\\/schema\\\/logo\\\/image\\\/\"},\"mainEntityOfPage\":{\"@id\":\"https:\\\/\\\/augustaabogados.com\\\/ca\\\/abogado\\\/nataly-trenkamp\\\/\"}}]}<\/script>\n<!-- \/ Yoast SEO plugin. -->","yoast_head_json":{"title":"Nataly Trenkamp - Augusta Abogados","robots":{"index":"index","follow":"follow","max-snippet":"max-snippet:-1","max-image-preview":"max-image-preview:large","max-video-preview":"max-video-preview:-1"},"canonical":"https:\/\/augustaabogados.com\/ca\/abogado\/nataly-trenkamp\/","og_locale":"ca_ES","og_type":"article","og_title":"Nataly Trenkamp - Augusta Abogados","og_description":"Advocada especialitzada en Dret P\u00fablic. Compta amb una \u00e0mplia experi\u00e8ncia en la defensa i assessorament de clients en procediments administratius i contenci\u00f3s-administratius de tota mena. Entre altres, destaca el seu treball en defensa i assessorament de prestadors de serveis de la societat de la informaci\u00f3 (marketplaces) en procediments sancionadors iniciats per les Administracions P\u00fabliques per [&hellip;]","og_url":"https:\/\/augustaabogados.com\/ca\/abogado\/nataly-trenkamp\/","og_site_name":"Augusta Abogados","article_modified_time":"2024-07-08T17:18:50+00:00","og_image":[{"width":431,"height":534,"url":"https:\/\/augustaabogados.com\/wp-content\/uploads\/2024\/05\/Nataly-Trenkamp-Miranda-2-CV_WEB.png","type":"image\/png"}],"twitter_card":"summary_large_image","twitter_misc":{"Temps estimat de lectura":"1 minut"},"schema":{"@context":"https:\/\/schema.org","@graph":[{"@type":["WebPage","ProfilePage"],"@id":"https:\/\/augustaabogados.com\/ca\/abogado\/nataly-trenkamp\/","url":"https:\/\/augustaabogados.com\/ca\/abogado\/nataly-trenkamp\/","name":"Nataly Trenkamp - Augusta Abogados","isPartOf":{"@id":"https:\/\/augustaabogados.com\/#website"},"primaryImageOfPage":{"@id":"https:\/\/augustaabogados.com\/ca\/abogado\/nataly-trenkamp\/#primaryimage"},"image":{"@id":"https:\/\/augustaabogados.com\/ca\/abogado\/nataly-trenkamp\/#primaryimage"},"thumbnailUrl":"https:\/\/augustaabogados.com\/wp-content\/uploads\/2024\/05\/Nataly-Trenkamp-Miranda-2-CV_WEB.png","datePublished":"2024-05-16T12:29:40+00:00","dateModified":"2024-07-08T17:18:50+00:00","breadcrumb":{"@id":"https:\/\/augustaabogados.com\/ca\/abogado\/nataly-trenkamp\/#breadcrumb"},"inLanguage":"ca","potentialAction":[{"@type":"ReadAction","target":["https:\/\/augustaabogados.com\/ca\/abogado\/nataly-trenkamp\/"]}]},{"@type":"ImageObject","inLanguage":"ca","@id":"https:\/\/augustaabogados.com\/ca\/abogado\/nataly-trenkamp\/#primaryimage","url":"https:\/\/augustaabogados.com\/wp-content\/uploads\/2024\/05\/Nataly-Trenkamp-Miranda-2-CV_WEB.png","contentUrl":"https:\/\/augustaabogados.com\/wp-content\/uploads\/2024\/05\/Nataly-Trenkamp-Miranda-2-CV_WEB.png","width":431,"height":534},{"@type":"BreadcrumbList","@id":"https:\/\/augustaabogados.com\/ca\/abogado\/nataly-trenkamp\/#breadcrumb","itemListElement":[{"@type":"ListItem","position":1,"name":"Portada","item":"https:\/\/augustaabogados.com\/ca\/"},{"@type":"ListItem","position":2,"name":"Nataly Trenkamp"}]},{"@type":"WebSite","@id":"https:\/\/augustaabogados.com\/#website","url":"https:\/\/augustaabogados.com\/","name":"Augusta Abogados","description":"","publisher":{"@id":"https:\/\/augustaabogados.com\/#organization"},"potentialAction":[{"@type":"SearchAction","target":{"@type":"EntryPoint","urlTemplate":"https:\/\/augustaabogados.com\/?s={search_term_string}"},"query-input":{"@type":"PropertyValueSpecification","valueRequired":true,"valueName":"search_term_string"}}],"inLanguage":"ca"},{"@type":"Organization","@id":"https:\/\/augustaabogados.com\/#organization","name":"Augusta Abogados","url":"https:\/\/augustaabogados.com\/","logo":{"@type":"ImageObject","inLanguage":"ca","@id":"https:\/\/augustaabogados.com\/#\/schema\/logo\/image\/","url":"https:\/\/augustaabogados.com\/wp-content\/uploads\/2023\/11\/LOGO-AUGUSTA.svg","contentUrl":"https:\/\/augustaabogados.com\/wp-content\/uploads\/2023\/11\/LOGO-AUGUSTA.svg","caption":"Augusta Abogados"},"image":{"@id":"https:\/\/augustaabogados.com\/#\/schema\/logo\/image\/"},"mainEntityOfPage":{"@id":"https:\/\/augustaabogados.com\/ca\/abogado\/nataly-trenkamp\/"}}]}},"_links":{"self":[{"href":"https:\/\/augustaabogados.com\/ca\/wp-json\/wp\/v2\/abogado\/43338","targetHints":{"allow":["GET"]}}],"collection":[{"href":"https:\/\/augustaabogados.com\/ca\/wp-json\/wp\/v2\/abogado"}],"about":[{"href":"https:\/\/augustaabogados.com\/ca\/wp-json\/wp\/v2\/types\/abogado"}],"author":[{"embeddable":true,"href":"https:\/\/augustaabogados.com\/ca\/wp-json\/wp\/v2\/users\/8"}],"replies":[{"embeddable":true,"href":"https:\/\/augustaabogados.com\/ca\/wp-json\/wp\/v2\/comments?post=43338"}],"wp:featuredmedia":[{"embeddable":true,"href":"https:\/\/augustaabogados.com\/ca\/wp-json\/wp\/v2\/media\/45136"}],"wp:attachment":[{"href":"https:\/\/augustaabogados.com\/ca\/wp-json\/wp\/v2\/media?parent=43338"}],"wp:term":[{"taxonomy":"tipos_de_abogado","embeddable":true,"href":"https:\/\/augustaabogados.com\/ca\/wp-json\/wp\/v2\/tipos_de_abogado?post=43338"},{"taxonomy":"especialidades_de_los_abogados","embeddable":true,"href":"https:\/\/augustaabogados.com\/ca\/wp-json\/wp\/v2\/especialidades_de_los_abogados?post=43338"},{"taxonomy":"idiomas_del_los_abogados","embeddable":true,"href":"https:\/\/augustaabogados.com\/ca\/wp-json\/wp\/v2\/idiomas_del_los_abogados?post=43338"},{"taxonomy":"asociaciones_de_los_abogados","embeddable":true,"href":"https:\/\/augustaabogados.com\/ca\/wp-json\/wp\/v2\/asociaciones_de_los_abogados?post=43338"}],"curies":[{"name":"wp","href":"https:\/\/api.w.org\/{rel}","templated":true}]}}