{"id":44244,"date":"2024-07-09T08:09:07","date_gmt":"2024-07-09T08:09:07","guid":{"rendered":"https:\/\/augustaabogados.com\/abogado\/jordi-bacaria\/"},"modified":"2024-07-17T16:15:18","modified_gmt":"2024-07-17T16:15:18","slug":"jordi-bacaria","status":"publish","type":"abogado","link":"https:\/\/augustaabogados.com\/ca\/abogado\/jordi-bacaria\/","title":{"rendered":"Jordi Bacaria"},"content":{"rendered":"<p>En Jordi fa m\u00e9s de 20 anys que exerceix les funcions d\u2019assessorament en protecci\u00f3 de dades i transpar\u00e8ncia administrativa a diverses entitats del sector p\u00fablic.<\/p>\n<p>Tamb\u00e9 ha sigut nombrat delegat de protecci\u00f3 de dades a diferents ajuntament com l\u2019Ajuntament de Castelldefels, l\u2019Ajuntament de Sabadell i el Consell Comarcal del Pla de Estany. \u00c9s delegat de protecci\u00f3 de dades en diferents entitats del sector p\u00fablic i privat. Compagina aquestes funcions amb la d\u2019assessor en Dret a la informaci\u00f3, dret a la llibertat d\u2019expressi\u00f3, dret a l\u2019honor i a la intimitat i a la pr\u00f2pia imatge.<\/p>\n<p>Fundador del despatx Global Legal data. anteriorment havia sigut funcionari de carrera a l\u2019Idescaton realitzava funcions d\u2019assessor en protecci\u00f3 de dades i seguretat de la informaci\u00f3, implementaci\u00f3 de l\u2019Esquema Nacional de Seguretat, reutilitzaci\u00f3 de la informaci\u00f3 i assessorament jur\u00eddic en mat\u00e8ria estad\u00edstica.<\/p>\n","protected":false},"excerpt":{"rendered":"<p>En Jordi fa m\u00e9s de 20 anys que exerceix les funcions d\u2019assessorament en protecci\u00f3 de dades i transpar\u00e8ncia administrativa a diverses entitats del sector p\u00fablic. Tamb\u00e9 ha sigut nombrat delegat de protecci\u00f3 de dades a diferents ajuntament com l\u2019Ajuntament de Castelldefels, l\u2019Ajuntament de Sabadell i el Consell Comarcal del Pla de Estany. \u00c9s delegat de [&hellip;]<\/p>\n","protected":false},"author":8,"featured_media":44634,"comment_status":"closed","ping_status":"closed","template":"","format":"standard","meta":{"content-type":"","site-sidebar-layout":"default","site-content-layout":"","ast-site-content-layout":"default","site-content-style":"default","site-sidebar-style":"default","ast-global-header-display":"","ast-banner-title-visibility":"","ast-main-header-display":"","ast-hfb-above-header-display":"","ast-hfb-below-header-display":"","ast-hfb-mobile-header-display":"","site-post-title":"","ast-breadcrumbs-content":"","ast-featured-img":"","footer-sml-layout":"","ast-disable-related-posts":"","theme-transparent-header-meta":"default","adv-header-id-meta":"","stick-header-meta":"","header-above-stick-meta":"","header-main-stick-meta":"","header-below-stick-meta":"","astra-migrate-meta-layouts":"set","ast-page-background-enabled":"default","ast-page-background-meta":{"desktop":{"background-color":"var(--ast-global-color-4)","background-image":"","background-repeat":"repeat","background-position":"center center","background-size":"auto","background-attachment":"scroll","background-type":"","background-media":"","overlay-type":"","overlay-color":"","overlay-opacity":"","overlay-gradient":""},"tablet":{"background-color":"","background-image":"","background-repeat":"repeat","background-position":"center center","background-size":"auto","background-attachment":"scroll","background-type":"","background-media":"","overlay-type":"","overlay-color":"","overlay-opacity":"","overlay-gradient":""},"mobile":{"background-color":"","background-image":"","background-repeat":"repeat","background-position":"center center","background-size":"auto","background-attachment":"scroll","background-type":"","background-media":"","overlay-type":"","overlay-color":"","overlay-opacity":"","overlay-gradient":""}},"ast-content-background-meta":{"desktop":{"background-color":"var(--ast-global-color-5)","background-image":"","background-repeat":"repeat","background-position":"center center","background-size":"auto","background-attachment":"scroll","background-type":"","background-media":"","overlay-type":"","overlay-color":"","overlay-opacity":"","overlay-gradient":""},"tablet":{"background-color":"var(--ast-global-color-5)","background-image":"","background-repeat":"repeat","background-position":"center center","background-size":"auto","background-attachment":"scroll","background-type":"","background-media":"","overlay-type":"","overlay-color":"","overlay-opacity":"","overlay-gradient":""},"mobile":{"background-color":"var(--ast-global-color-5)","background-image":"","background-repeat":"repeat","background-position":"center center","background-size":"auto","background-attachment":"scroll","background-type":"","background-media":"","overlay-type":"","overlay-color":"","overlay-opacity":"","overlay-gradient":""}}},"tipos_de_abogado":[1758,1762],"especialidades_de_los_abogados":[1818],"idiomas_del_los_abogados":[1827,1823,1825],"asociaciones_de_los_abogados":[],"class_list":["post-44244","abogado","type-abogado","status-publish","format-standard","has-post-thumbnail","hentry","tipos_de_abogado-abogado-ca","tipos_de_abogado-of-counsel-consejero-ca","especialidades_de_los_abogados-medios-y-telecomunicaciones-tmt-ca","idiomas_del_los_abogados-ca-ca","idiomas_del_los_abogados-en-ca","idiomas_del_los_abogados-es-ca"],"acf":[],"yoast_head":"<!-- This site is optimized with the Yoast SEO plugin v27.4 - https:\/\/yoast.com\/product\/yoast-seo-wordpress\/ -->\n<title>Jordi Bacaria - Augusta Abogados<\/title>\n<meta name=\"robots\" content=\"index, follow, max-snippet:-1, max-image-preview:large, max-video-preview:-1\" \/>\n<link rel=\"canonical\" href=\"https:\/\/augustaabogados.com\/ca\/abogado\/jordi-bacaria\/\" \/>\n<meta property=\"og:locale\" content=\"ca_ES\" \/>\n<meta property=\"og:type\" content=\"article\" \/>\n<meta property=\"og:title\" content=\"Jordi Bacaria - Augusta Abogados\" \/>\n<meta property=\"og:description\" content=\"En Jordi fa m\u00e9s de 20 anys que exerceix les funcions d\u2019assessorament en protecci\u00f3 de dades i transpar\u00e8ncia administrativa a diverses entitats del sector p\u00fablic. Tamb\u00e9 ha sigut nombrat delegat de protecci\u00f3 de dades a diferents ajuntament com l\u2019Ajuntament de Castelldefels, l\u2019Ajuntament de Sabadell i el Consell Comarcal del Pla de Estany. \u00c9s delegat de [&hellip;]\" \/>\n<meta property=\"og:url\" content=\"https:\/\/augustaabogados.com\/ca\/abogado\/jordi-bacaria\/\" \/>\n<meta property=\"og:site_name\" content=\"Augusta Abogados\" \/>\n<meta property=\"article:modified_time\" content=\"2024-07-17T16:15:18+00:00\" \/>\n<meta property=\"og:image\" content=\"https:\/\/augustaabogados.com\/wp-content\/uploads\/2024\/07\/Jordi-Bacaria-CV_WEB.png\" \/>\n\t<meta property=\"og:image:width\" content=\"431\" \/>\n\t<meta property=\"og:image:height\" content=\"534\" \/>\n\t<meta property=\"og:image:type\" content=\"image\/png\" \/>\n<meta name=\"twitter:card\" content=\"summary_large_image\" \/>\n<meta name=\"twitter:label1\" content=\"Temps estimat de lectura\" \/>\n\t<meta name=\"twitter:data1\" content=\"1 minut\" \/>\n<script type=\"application\/ld+json\" class=\"yoast-schema-graph\">{\"@context\":\"https:\\\/\\\/schema.org\",\"@graph\":[{\"@type\":[\"WebPage\",\"ProfilePage\"],\"@id\":\"https:\\\/\\\/augustaabogados.com\\\/ca\\\/abogado\\\/jordi-bacaria\\\/\",\"url\":\"https:\\\/\\\/augustaabogados.com\\\/ca\\\/abogado\\\/jordi-bacaria\\\/\",\"name\":\"Jordi Bacaria - Augusta Abogados\",\"isPartOf\":{\"@id\":\"https:\\\/\\\/augustaabogados.com\\\/#website\"},\"primaryImageOfPage\":{\"@id\":\"https:\\\/\\\/augustaabogados.com\\\/ca\\\/abogado\\\/jordi-bacaria\\\/#primaryimage\"},\"image\":{\"@id\":\"https:\\\/\\\/augustaabogados.com\\\/ca\\\/abogado\\\/jordi-bacaria\\\/#primaryimage\"},\"thumbnailUrl\":\"https:\\\/\\\/augustaabogados.com\\\/wp-content\\\/uploads\\\/2024\\\/07\\\/Jordi-Bacaria-CV_WEB.png\",\"datePublished\":\"2024-07-09T08:09:07+00:00\",\"dateModified\":\"2024-07-17T16:15:18+00:00\",\"breadcrumb\":{\"@id\":\"https:\\\/\\\/augustaabogados.com\\\/ca\\\/abogado\\\/jordi-bacaria\\\/#breadcrumb\"},\"inLanguage\":\"ca\",\"potentialAction\":[{\"@type\":\"ReadAction\",\"target\":[\"https:\\\/\\\/augustaabogados.com\\\/ca\\\/abogado\\\/jordi-bacaria\\\/\"]}]},{\"@type\":\"ImageObject\",\"inLanguage\":\"ca\",\"@id\":\"https:\\\/\\\/augustaabogados.com\\\/ca\\\/abogado\\\/jordi-bacaria\\\/#primaryimage\",\"url\":\"https:\\\/\\\/augustaabogados.com\\\/wp-content\\\/uploads\\\/2024\\\/07\\\/Jordi-Bacaria-CV_WEB.png\",\"contentUrl\":\"https:\\\/\\\/augustaabogados.com\\\/wp-content\\\/uploads\\\/2024\\\/07\\\/Jordi-Bacaria-CV_WEB.png\",\"width\":431,\"height\":534},{\"@type\":\"BreadcrumbList\",\"@id\":\"https:\\\/\\\/augustaabogados.com\\\/ca\\\/abogado\\\/jordi-bacaria\\\/#breadcrumb\",\"itemListElement\":[{\"@type\":\"ListItem\",\"position\":1,\"name\":\"Portada\",\"item\":\"https:\\\/\\\/augustaabogados.com\\\/ca\\\/\"},{\"@type\":\"ListItem\",\"position\":2,\"name\":\"Jordi Bacaria\"}]},{\"@type\":\"WebSite\",\"@id\":\"https:\\\/\\\/augustaabogados.com\\\/#website\",\"url\":\"https:\\\/\\\/augustaabogados.com\\\/\",\"name\":\"Augusta Abogados\",\"description\":\"\",\"publisher\":{\"@id\":\"https:\\\/\\\/augustaabogados.com\\\/#organization\"},\"potentialAction\":[{\"@type\":\"SearchAction\",\"target\":{\"@type\":\"EntryPoint\",\"urlTemplate\":\"https:\\\/\\\/augustaabogados.com\\\/?s={search_term_string}\"},\"query-input\":{\"@type\":\"PropertyValueSpecification\",\"valueRequired\":true,\"valueName\":\"search_term_string\"}}],\"inLanguage\":\"ca\"},{\"@type\":\"Organization\",\"@id\":\"https:\\\/\\\/augustaabogados.com\\\/#organization\",\"name\":\"Augusta Abogados\",\"url\":\"https:\\\/\\\/augustaabogados.com\\\/\",\"logo\":{\"@type\":\"ImageObject\",\"inLanguage\":\"ca\",\"@id\":\"https:\\\/\\\/augustaabogados.com\\\/#\\\/schema\\\/logo\\\/image\\\/\",\"url\":\"https:\\\/\\\/augustaabogados.com\\\/wp-content\\\/uploads\\\/2023\\\/11\\\/LOGO-AUGUSTA.svg\",\"contentUrl\":\"https:\\\/\\\/augustaabogados.com\\\/wp-content\\\/uploads\\\/2023\\\/11\\\/LOGO-AUGUSTA.svg\",\"caption\":\"Augusta Abogados\"},\"image\":{\"@id\":\"https:\\\/\\\/augustaabogados.com\\\/#\\\/schema\\\/logo\\\/image\\\/\"},\"mainEntityOfPage\":{\"@id\":\"https:\\\/\\\/augustaabogados.com\\\/ca\\\/abogado\\\/jordi-bacaria\\\/\"}}]}<\/script>\n<!-- \/ Yoast SEO plugin. -->","yoast_head_json":{"title":"Jordi Bacaria - Augusta Abogados","robots":{"index":"index","follow":"follow","max-snippet":"max-snippet:-1","max-image-preview":"max-image-preview:large","max-video-preview":"max-video-preview:-1"},"canonical":"https:\/\/augustaabogados.com\/ca\/abogado\/jordi-bacaria\/","og_locale":"ca_ES","og_type":"article","og_title":"Jordi Bacaria - Augusta Abogados","og_description":"En Jordi fa m\u00e9s de 20 anys que exerceix les funcions d\u2019assessorament en protecci\u00f3 de dades i transpar\u00e8ncia administrativa a diverses entitats del sector p\u00fablic. Tamb\u00e9 ha sigut nombrat delegat de protecci\u00f3 de dades a diferents ajuntament com l\u2019Ajuntament de Castelldefels, l\u2019Ajuntament de Sabadell i el Consell Comarcal del Pla de Estany. \u00c9s delegat de [&hellip;]","og_url":"https:\/\/augustaabogados.com\/ca\/abogado\/jordi-bacaria\/","og_site_name":"Augusta Abogados","article_modified_time":"2024-07-17T16:15:18+00:00","og_image":[{"width":431,"height":534,"url":"https:\/\/augustaabogados.com\/wp-content\/uploads\/2024\/07\/Jordi-Bacaria-CV_WEB.png","type":"image\/png"}],"twitter_card":"summary_large_image","twitter_misc":{"Temps estimat de lectura":"1 minut"},"schema":{"@context":"https:\/\/schema.org","@graph":[{"@type":["WebPage","ProfilePage"],"@id":"https:\/\/augustaabogados.com\/ca\/abogado\/jordi-bacaria\/","url":"https:\/\/augustaabogados.com\/ca\/abogado\/jordi-bacaria\/","name":"Jordi Bacaria - Augusta Abogados","isPartOf":{"@id":"https:\/\/augustaabogados.com\/#website"},"primaryImageOfPage":{"@id":"https:\/\/augustaabogados.com\/ca\/abogado\/jordi-bacaria\/#primaryimage"},"image":{"@id":"https:\/\/augustaabogados.com\/ca\/abogado\/jordi-bacaria\/#primaryimage"},"thumbnailUrl":"https:\/\/augustaabogados.com\/wp-content\/uploads\/2024\/07\/Jordi-Bacaria-CV_WEB.png","datePublished":"2024-07-09T08:09:07+00:00","dateModified":"2024-07-17T16:15:18+00:00","breadcrumb":{"@id":"https:\/\/augustaabogados.com\/ca\/abogado\/jordi-bacaria\/#breadcrumb"},"inLanguage":"ca","potentialAction":[{"@type":"ReadAction","target":["https:\/\/augustaabogados.com\/ca\/abogado\/jordi-bacaria\/"]}]},{"@type":"ImageObject","inLanguage":"ca","@id":"https:\/\/augustaabogados.com\/ca\/abogado\/jordi-bacaria\/#primaryimage","url":"https:\/\/augustaabogados.com\/wp-content\/uploads\/2024\/07\/Jordi-Bacaria-CV_WEB.png","contentUrl":"https:\/\/augustaabogados.com\/wp-content\/uploads\/2024\/07\/Jordi-Bacaria-CV_WEB.png","width":431,"height":534},{"@type":"BreadcrumbList","@id":"https:\/\/augustaabogados.com\/ca\/abogado\/jordi-bacaria\/#breadcrumb","itemListElement":[{"@type":"ListItem","position":1,"name":"Portada","item":"https:\/\/augustaabogados.com\/ca\/"},{"@type":"ListItem","position":2,"name":"Jordi Bacaria"}]},{"@type":"WebSite","@id":"https:\/\/augustaabogados.com\/#website","url":"https:\/\/augustaabogados.com\/","name":"Augusta Abogados","description":"","publisher":{"@id":"https:\/\/augustaabogados.com\/#organization"},"potentialAction":[{"@type":"SearchAction","target":{"@type":"EntryPoint","urlTemplate":"https:\/\/augustaabogados.com\/?s={search_term_string}"},"query-input":{"@type":"PropertyValueSpecification","valueRequired":true,"valueName":"search_term_string"}}],"inLanguage":"ca"},{"@type":"Organization","@id":"https:\/\/augustaabogados.com\/#organization","name":"Augusta Abogados","url":"https:\/\/augustaabogados.com\/","logo":{"@type":"ImageObject","inLanguage":"ca","@id":"https:\/\/augustaabogados.com\/#\/schema\/logo\/image\/","url":"https:\/\/augustaabogados.com\/wp-content\/uploads\/2023\/11\/LOGO-AUGUSTA.svg","contentUrl":"https:\/\/augustaabogados.com\/wp-content\/uploads\/2023\/11\/LOGO-AUGUSTA.svg","caption":"Augusta Abogados"},"image":{"@id":"https:\/\/augustaabogados.com\/#\/schema\/logo\/image\/"},"mainEntityOfPage":{"@id":"https:\/\/augustaabogados.com\/ca\/abogado\/jordi-bacaria\/"}}]}},"_links":{"self":[{"href":"https:\/\/augustaabogados.com\/ca\/wp-json\/wp\/v2\/abogado\/44244","targetHints":{"allow":["GET"]}}],"collection":[{"href":"https:\/\/augustaabogados.com\/ca\/wp-json\/wp\/v2\/abogado"}],"about":[{"href":"https:\/\/augustaabogados.com\/ca\/wp-json\/wp\/v2\/types\/abogado"}],"author":[{"embeddable":true,"href":"https:\/\/augustaabogados.com\/ca\/wp-json\/wp\/v2\/users\/8"}],"replies":[{"embeddable":true,"href":"https:\/\/augustaabogados.com\/ca\/wp-json\/wp\/v2\/comments?post=44244"}],"wp:featuredmedia":[{"embeddable":true,"href":"https:\/\/augustaabogados.com\/ca\/wp-json\/wp\/v2\/media\/44634"}],"wp:attachment":[{"href":"https:\/\/augustaabogados.com\/ca\/wp-json\/wp\/v2\/media?parent=44244"}],"wp:term":[{"taxonomy":"tipos_de_abogado","embeddable":true,"href":"https:\/\/augustaabogados.com\/ca\/wp-json\/wp\/v2\/tipos_de_abogado?post=44244"},{"taxonomy":"especialidades_de_los_abogados","embeddable":true,"href":"https:\/\/augustaabogados.com\/ca\/wp-json\/wp\/v2\/especialidades_de_los_abogados?post=44244"},{"taxonomy":"idiomas_del_los_abogados","embeddable":true,"href":"https:\/\/augustaabogados.com\/ca\/wp-json\/wp\/v2\/idiomas_del_los_abogados?post=44244"},{"taxonomy":"asociaciones_de_los_abogados","embeddable":true,"href":"https:\/\/augustaabogados.com\/ca\/wp-json\/wp\/v2\/asociaciones_de_los_abogados?post=44244"}],"curies":[{"name":"wp","href":"https:\/\/api.w.org\/{rel}","templated":true}]}}