{"id":14039,"date":"2024-07-22T08:55:02","date_gmt":"2024-07-22T08:55:02","guid":{"rendered":"https:\/\/augustaabogados.com\/club\/?page_id=14039"},"modified":"2025-10-16T12:53:16","modified_gmt":"2025-10-16T12:53:16","slug":"test-de-titol","status":"publish","type":"page","link":"https:\/\/augustaabogados.com\/club\/test-de-titol\/","title":{"rendered":"Los protagonistas del Club Augusta"},"content":{"rendered":"\t\t<div data-elementor-type=\"wp-page\" data-elementor-id=\"14039\" class=\"elementor elementor-14039\" data-elementor-post-type=\"page\">\n\t\t\t\t\t\t<section class=\"elementor-section elementor-top-section elementor-element elementor-element-98111e8 elementor-section-boxed elementor-section-height-default elementor-section-height-default\" data-id=\"98111e8\" data-element_type=\"section\" data-e-type=\"section\">\n\t\t\t\t\t\t<div class=\"elementor-container elementor-column-gap-default\">\n\t\t\t\t\t<div class=\"elementor-column elementor-col-100 elementor-top-column elementor-element elementor-element-a15e856\" data-id=\"a15e856\" data-element_type=\"column\" data-e-type=\"column\">\n\t\t\t<div class=\"elementor-widget-wrap elementor-element-populated\">\n\t\t\t\t\t\t<div class=\"elementor-element elementor-element-30180ea elementor-widget elementor-widget-heading\" data-id=\"30180ea\" data-element_type=\"widget\" data-e-type=\"widget\" data-widget_type=\"heading.default\">\n\t\t\t\t<div class=\"elementor-widget-container\">\n\t\t\t\t\t<h2 class=\"elementor-heading-title elementor-size-default\"><br><br>Los protagonistas del Club Augusta<\/h2>\t\t\t\t<\/div>\n\t\t\t\t<\/div>\n\t\t\t\t\t<\/div>\n\t\t<\/div>\n\t\t\t\t\t<\/div>\n\t\t<\/section>\n\t\t\t\t<section class=\"elementor-section elementor-top-section elementor-element elementor-element-8d8027b elementor-section-boxed elementor-section-height-default elementor-section-height-default\" data-id=\"8d8027b\" data-element_type=\"section\" data-e-type=\"section\">\n\t\t\t\t\t\t<div class=\"elementor-container elementor-column-gap-default\">\n\t\t\t\t\t<div class=\"elementor-column elementor-col-100 elementor-top-column elementor-element elementor-element-b9faee9\" data-id=\"b9faee9\" data-element_type=\"column\" data-e-type=\"column\">\n\t\t\t<div class=\"elementor-widget-wrap elementor-element-populated\">\n\t\t\t\t\t\t<div class=\"elementor-element elementor-element-e4e7386 elementor-widget elementor-widget-text-editor\" data-id=\"e4e7386\" data-element_type=\"widget\" data-e-type=\"widget\" data-widget_type=\"text-editor.default\">\n\t\t\t\t<div class=\"elementor-widget-container\">\n\t\t\t\t\t\t\t\t\t<p><b style=\"font-style: inherit; background-color: var(--ast-global-color-5);\">&nbsp;<\/b><\/p>\n<p><b style=\"font-style: inherit; background-color: var(--ast-global-color-5);\">Cristian Pascual<\/b><span style=\"font-style: inherit; font-weight: inherit; background-color: var(--ast-global-color-5);\"> | Fundador y CEO de MEDIKTOR y presidente del Barcelona Health Hub<\/span><\/p>\n<p><i>Fundaci\u00f3n e historia de Mediktor, herramienta de triaje de pacientes y pre-identificaci\u00f3n de enfermedades en la inteligencia artificial<\/i><\/p>\n<p><b>&nbsp;<\/b><\/p>\n<p><b>Christian Meyer<\/b> | CEO y fundador de&nbsp;BEXFY&nbsp;<\/p>\n<p><i>Creaci\u00f3n e historia de BEXFY. El mundo de la moda tanto en un entorno digital como en la tienda tradicional<\/i><\/p>\n<p><i>&nbsp;<\/i><\/p>\n<p><b>Gabriel Jen\u00e9 Llabr\u00e9s<\/b> | CEO&nbsp; de La Mallorquina y Presidente de Barcelona Oberta<\/p>\n<p><i>El comercio tradicional ante los nuevos tiempos: nuevos h\u00e1bitos de consumo y digitalizaci\u00f3n<\/i><\/p>\n<p><b>&nbsp;<\/b><\/p>\n<p><b>Enrique Mart\u00ednez Laguna<\/b> | Presidente del RETAIL en CBRE para Europa y Vicepresidente CBRE en Espa\u00f1a&nbsp;&nbsp;&nbsp;&nbsp;&nbsp;&nbsp;&nbsp;&nbsp;&nbsp;&nbsp;&nbsp;&nbsp;&nbsp;&nbsp;<\/p>\n<p><i>El shopping como experiencia, su compatibilidad con el comercio digital y el impacto en el mercado inmobiliario<\/i><\/p>\n<p><b>&nbsp;<\/b><\/p>\n<p><b>Anna Puigdevall Sagrera<\/b> | Gerent de l\u2019Associaci\u00f3 d\u2019Agents Immobiliaris de Catalunya<\/p>\n<p><i>El cambio operativo y la evoluci\u00f3n del mercado inmobiliario a ra\u00edz de la situaci\u00f3n derivada del COVID-19<\/i><\/p>\n<p><i>&nbsp;<\/i><\/p>\n<p><b>Juan Costa Climent<\/b> | Diputado en el Congreso, Ministro de Ciencia y Tecnolog\u00eda, Secretario de Estado de Comercio, Secretario de Estado de Hacienda, Consejero del FMI, responsable mundial en una Big4 de los servicios de cambio clim\u00e1tico<\/p>\n<p><i>Multicapitalismo: Nuevos elementos de medici\u00f3n del progreso econ\u00f3mico en la \u00e9poca post-covid<\/i><\/p>\n<p><i>&nbsp;<\/i><\/p>\n<p><b>Steve Bremner<\/b> | C\u00f3nsul de Asuntos Pol\u00edticos &#8211; Consulate General of the United States of America<\/p>\n<p><i>El sistema electoral americano y la formulaci\u00f3n de la pol\u00edtica exterior de Estados Unidos<\/i><\/p>\n<p><i>&nbsp;<\/i><\/p>\n<p><b>Neus Gin\u00e9<\/b> | CEO de Next Point Socimi&nbsp;&nbsp;&nbsp;&nbsp;&nbsp;&nbsp;&nbsp;&nbsp;&nbsp;&nbsp;&nbsp;&nbsp;<\/p>\n<p><i>Socimis: vehicles d\u2019inversi\u00f3 eficients dins del sector immobiliari<\/i><\/p>\n<p><b>&nbsp;<\/b><\/p>\n<p><b>Cristian Rovira<\/b> | Vicepresidente de Grupo Sifu&nbsp;&nbsp;&nbsp;&nbsp;&nbsp;&nbsp;&nbsp;&nbsp;&nbsp;&nbsp;&nbsp;&nbsp;<\/p>\n<p><i>De la discapacidad a la \u201cs\u00faper-capacidad\u201d<\/i><\/p>\n<p><b>&nbsp;<\/b><\/p>\n<p><b>Sergio Mart\u00ednez Campos<\/b> | CEO Hispano Suiza Cars<\/p>\n<p><i>Movilidad el\u00e9ctrica y el renacimiento del icono Hispano Suiza<\/i><\/p>\n<p><b>&nbsp;<\/b><\/p>\n<p><b>Enrique Tombas<\/b> | Socio fundador de Suma Capital&nbsp;&nbsp;<\/p>\n<p><i>Aproximaci\u00f3n a los \u201cprivate equities\u201d<\/i><\/p>\n<p><i>&nbsp;<\/i><\/p>\n<p><b>Sebastian Ross<\/b> | Presidente de Capitalismo Consciente Espa\u00f1a &#8211; IESE&nbsp;&nbsp;&nbsp;&nbsp;&nbsp;&nbsp;&nbsp;&nbsp;<\/p>\n<p><i>Bases y fundamentos del Capitalismo Consciente<\/i><\/p>\n<p><i>&nbsp;<\/i><\/p>\n<p><b>Jordi Garc\u00eda Vi\u00f1a | <\/b>Catedr\u00e1tico de Derecho del Trabajo UB<b><\/b><\/p>\n<p><b>Gerard Luj\u00e1n Rossell<\/b> | Inspector de Trabajo y Seguridad Social<\/p>\n<p><i>Implicaciones de la reforma laboral para las empresas (primera ponencia)<\/i><\/p>\n<p><b>&nbsp;<\/b><\/p>\n<p><span style=\"font-style: inherit; font-weight: inherit; background-color: var(--ast-global-color-5);\"><strong>Nat\u00e0lia Anguera<\/strong> | Direcgtora d&#8217;ACNUR<\/span><\/p>\n<p><b>Vicente Escribano<\/b> | Exdirector de log\u00edstica y aprovisionamiento d&#8217;ACNUR<\/p>\n<p><i>Las actividades de ACNUR<\/i><\/p>\n<p><i>&nbsp;<\/i><\/p>\n<p><b>Javier Ortega Figueira<\/b> | Periodista y consultor experto en el sector aeron\u00e1utico.<\/p>\n<p><i>Historia e historias del aeropuerto de Barcelona<\/i><\/p>\n<p><i>&nbsp;<\/i><\/p>\n<p><b><i>Carlos Nueno<\/i><\/b> | Presidente de Teladoc, empresa l\u00edder en atenci\u00f3n m\u00e9dica virtual<\/p>\n<p><i>Digitalizaci\u00f3n y salud<\/i><\/p>\n<p><i>&nbsp;<\/i><\/p>\n<p><b>Pablo Linz | <\/b>Fundador y CEO de Immfly&nbsp;&nbsp;&nbsp;&nbsp;&nbsp;&nbsp;&nbsp;&nbsp;&nbsp;&nbsp;&nbsp;<\/p>\n<p><i>La transformaci\u00f3n de la experiencia en los viajes de avi\u00f3n viene de Barcelona<\/i><\/p>\n<p><b>&nbsp;<\/b><\/p>\n<p><b>Juan Salsas Sala<\/b> | Consejero delegado de Enertrade&nbsp;&nbsp;&nbsp;&nbsp;&nbsp;&nbsp;&nbsp;&nbsp;&nbsp;&nbsp;&nbsp;&nbsp;&nbsp;&nbsp;<\/p>\n<p><i>\u00bfC\u00f3mo entender los mercados de la energ\u00eda?<\/i><\/p>\n<p><i>&nbsp;<\/i><\/p>\n<p><b>Julian Clec\u2019h <\/b>| Director del Gabinete del Secretario General de la Uni\u00f3n por el Mediterraneo<\/p>\n<p><i>Retos y oportunidades en el Mediterr\u00e1neo<\/i><\/p>\n<p><i>&nbsp;<\/i><\/p>\n<p><b>Josep S\u00e1nchez-Llibre<\/b><i> | <\/i>Presidente de Foment del Treball Nacional<\/p>\n<p><i>Retos y desaf\u00edos de la empresa en Catalu\u00f1a<\/i><\/p>\n<p><i>&nbsp;<\/i><\/p>\n<p><b><span lang=\"SV\">Benjamin Newland <\/span><\/b><span lang=\"SV\">| Fundador de Newland Ventures LLC<\/span><\/p>\n<p><i>Crear una empresa, crear un bufete de abogados y construir una carrera jur\u00eddica<\/i><\/p>\n<p><i>&nbsp;<\/i><\/p>\n<p><strong>R<\/strong><b>oser Roca Toha <\/b>|&nbsp;Directora General y CEO Airbus DS GEO SGSA<\/p>\n<p><i>Liderazgo femenino de una multinacional desde Barcelona<\/i><\/p>\n<p><i>&nbsp;<\/i><\/p>\n<p><b>\u00d2scar Ram\u00edrez&nbsp;<\/b>| Gestor de Patrimonios y M\u00e1ster en IA e Inversiones<\/p>\n<p><i>Inteligencia artificial vs. Inteligencia humana<\/i><\/p>\n<p><b style=\"font-style: inherit; background-color: var(--ast-global-color-5);\">Valerii Pikhonov | <\/b><span style=\"font-style: inherit; background-color: var(--ast-global-color-5);\">E<\/span>n primera l\u00ednea de fuego defendiendo a Ucrania frente a la invasi\u00f3n del ej\u00e9rcito de Rusia<\/p>\n<p><em>La otra cara (humana) del conflicto Rusia-Ucrania<\/em><\/p>\n<p><b style=\"font-style: inherit; background-color: var(--ast-global-color-5);\">&nbsp;<\/b><\/p>\n<p><b style=\"font-style: inherit; background-color: var(--ast-global-color-5);\">Dante Lauretta<\/b><span style=\"font-style: inherit; font-weight: inherit; background-color: var(--ast-global-color-5);\"> | Profesor de la Universidad de Arizona y cient\u00edfico por sus contribuciones a la ciencia planetaria y la astrobiolog\u00eda<\/span><\/p>\n<p><i>El origen de la vida y del universo<\/i><\/p><p><i><br><\/i><\/p>\n<p style=\"font-size: 16px; font-style: normal; font-weight: 400;\"><span style=\"font-weight: bold; font-style: inherit; background-color: var(--ast-global-color-5);\">Albert Vilumara<\/span><span style=\"font-style: inherit; font-weight: inherit; background-color: var(--ast-global-color-5);\">&nbsp;| Director corporativo de ACE Barcelona, empresa responsable de la 37\u00aa America&#8217;s Cup en Barcelona.<\/span><\/p>\n<p><i style=\"background-color: var(--ast-global-color-5);\">Detr\u00e1s de la Copa Am\u00e9rica: desaf\u00edos y estrategias de un evento global<\/i>&nbsp;<\/p>\n<p style=\"font-size: 16px; font-style: normal; font-weight: 400;\"><span style=\"font-weight: bold;\"><br><\/span><\/p><p style=\"font-size: 16px; font-style: normal; font-weight: 400;\"><span style=\"font-weight: bold;\">Susana Prado&nbsp;<\/span>|&nbsp;General Manager Inetum Catalonia y presidenta del 22@Network Barcelona<\/p>\n<p style=\"font-size: 16px; font-style: normal; font-weight: 400;\"><i>Del reto a la oportunidad: la digitalizaci\u00f3n en la empresa<\/i><\/p>\n<p style=\"font-size: 16px; font-style: normal; font-weight: 400;\"><span style=\"font-weight: bold;\"><br><\/span><\/p><p style=\"font-size: 16px; font-style: normal; font-weight: 400;\"><span style=\"font-weight: bold;\">Isabel Cervantes&nbsp;<\/span>| Abogada responsable de Legal Innovation en Volkswagen Group<\/p>\n<p style=\"font-size: 16px; font-style: normal; font-weight: 400;\"><i>Innovaci\u00f3n legal in-house: hacia un nuevo modelo de departamento jur\u00eddico<\/i><\/p>\n<p style=\"font-size: 16px; font-style: normal; font-weight: 400;\"><span style=\"font-weight: 700;\"><br><\/span><\/p>\n<p style=\"font-size: 16px; font-style: normal; font-weight: 400;\"><span style=\"font-weight: 700;\">Eva D\u00edaz&nbsp;<\/span>| CEO de Shaping The New<\/p>\n<p style=\"font-size: 16px; font-style: normal;\"><i>Emprendimiento Senior: experiencia al servicio de la innovaci\u00f3n<\/i><\/p>\n<p style=\"font-size: 16px; font-style: normal;\"><b><br><\/b><\/p>\n<p style=\"font-size: 16px; font-style: normal;\"><b>Elena Rico&nbsp;<\/b><span style=\"font-weight: 400;\">| Socia de Impact Partners Ib\u00e9rica y presidenta de Spain Cap<\/span><\/p>\n<p style=\"font-size: 16px; font-style: normal;\"><span style=\"font-weight: 700;\">Jos\u00e9 Mar\u00eda Batalla&nbsp;<\/span>| Fundador de La Casa de Carlota y director de Sostenibilidad en Roman<\/p>\n<p style=\"font-size: 16px; font-style: normal; font-weight: 400;\"><i>El impacto es negocio: C\u00f3mo crecer con prop\u00f3sito<\/i><\/p>\n<p style=\"font-size: 16px; font-style: normal; font-weight: 400;\"><br><\/p>\t\t\t\t\t\t\t\t<\/div>\n\t\t\t\t<\/div>\n\t\t\t\t\t<\/div>\n\t\t<\/div>\n\t\t\t\t\t<\/div>\n\t\t<\/section>\n\t\t\t\t<\/div>\n\t\t","protected":false},"excerpt":{"rendered":"<p>Los protagonistas del Club Augusta &nbsp; Cristian Pascual | Fundador y CEO de MEDIKTOR y presidente del Barcelona Health Hub Fundaci\u00f3n e historia de Mediktor, herramienta de triaje de pacientes y pre-identificaci\u00f3n de enfermedades en la inteligencia artificial &nbsp; Christian Meyer | CEO y fundador de&nbsp;BEXFY&nbsp; Creaci\u00f3n e historia de BEXFY. El mundo de la [&hellip;]<\/p>\n","protected":false},"author":1,"featured_media":0,"parent":0,"menu_order":0,"comment_status":"closed","ping_status":"closed","template":"","meta":{"site-sidebar-layout":"no-sidebar","site-content-layout":"page-builder","ast-site-content-layout":"full-width-container","site-content-style":"default","site-sidebar-style":"default","ast-global-header-display":"","ast-banner-title-visibility":"","ast-main-header-display":"","ast-hfb-above-header-display":"","ast-hfb-below-header-display":"","ast-hfb-mobile-header-display":"","site-post-title":"disabled","ast-breadcrumbs-content":"","ast-featured-img":"disabled","footer-sml-layout":"","theme-transparent-header-meta":"default","adv-header-id-meta":"","stick-header-meta":"","header-above-stick-meta":"","header-main-stick-meta":"","header-below-stick-meta":"","astra-migrate-meta-layouts":"set","ast-page-background-enabled":"default","ast-page-background-meta":{"desktop":{"background-color":"var(--ast-global-color-4)","background-image":"","background-repeat":"repeat","background-position":"center center","background-size":"auto","background-attachment":"scroll","background-type":"","background-media":"","overlay-type":"","overlay-color":"","overlay-opacity":"","overlay-gradient":""},"tablet":{"background-color":"","background-image":"","background-repeat":"repeat","background-position":"center center","background-size":"auto","background-attachment":"scroll","background-type":"","background-media":"","overlay-type":"","overlay-color":"","overlay-opacity":"","overlay-gradient":""},"mobile":{"background-color":"","background-image":"","background-repeat":"repeat","background-position":"center center","background-size":"auto","background-attachment":"scroll","background-type":"","background-media":"","overlay-type":"","overlay-color":"","overlay-opacity":"","overlay-gradient":""}},"ast-content-background-meta":{"desktop":{"background-color":"var(--ast-global-color-5)","background-image":"","background-repeat":"repeat","background-position":"center center","background-size":"auto","background-attachment":"scroll","background-type":"","background-media":"","overlay-type":"","overlay-color":"","overlay-opacity":"","overlay-gradient":""},"tablet":{"background-color":"var(--ast-global-color-5)","background-image":"","background-repeat":"repeat","background-position":"center center","background-size":"auto","background-attachment":"scroll","background-type":"","background-media":"","overlay-type":"","overlay-color":"","overlay-opacity":"","overlay-gradient":""},"mobile":{"background-color":"var(--ast-global-color-5)","background-image":"","background-repeat":"repeat","background-position":"center center","background-size":"auto","background-attachment":"scroll","background-type":"","background-media":"","overlay-type":"","overlay-color":"","overlay-opacity":"","overlay-gradient":""}},"footnotes":""},"class_list":["post-14039","page","type-page","status-publish","hentry"],"acf":[],"yoast_head":"<!-- This site is optimized with the Yoast SEO plugin v27.1.1 - https:\/\/yoast.com\/product\/yoast-seo-wordpress\/ -->\n<title>Los protagonistas del Club Augusta - Club Augusta<\/title>\n<meta name=\"robots\" content=\"index, follow, max-snippet:-1, max-image-preview:large, max-video-preview:-1\" \/>\n<link rel=\"canonical\" href=\"https:\/\/augustaabogados.com\/club\/test-de-titol\/\" \/>\n<meta property=\"og:locale\" content=\"es_ES\" \/>\n<meta property=\"og:type\" content=\"article\" \/>\n<meta property=\"og:title\" content=\"Los protagonistas del Club Augusta - Club Augusta\" \/>\n<meta property=\"og:description\" content=\"Los protagonistas del Club Augusta &nbsp; Cristian Pascual | Fundador y CEO de MEDIKTOR y presidente del Barcelona Health Hub Fundaci\u00f3n e historia de Mediktor, herramienta de triaje de pacientes y pre-identificaci\u00f3n de enfermedades en la inteligencia artificial &nbsp; Christian Meyer | CEO y fundador de&nbsp;BEXFY&nbsp; Creaci\u00f3n e historia de BEXFY. El mundo de la [&hellip;]\" \/>\n<meta property=\"og:url\" content=\"https:\/\/augustaabogados.com\/club\/test-de-titol\/\" \/>\n<meta property=\"og:site_name\" content=\"Club Augusta\" \/>\n<meta property=\"article:modified_time\" content=\"2025-10-16T12:53:16+00:00\" \/>\n<meta name=\"twitter:card\" content=\"summary_large_image\" \/>\n<meta name=\"twitter:label1\" content=\"Tiempo de lectura\" \/>\n\t<meta name=\"twitter:data1\" content=\"4 minutos\" \/>\n<script type=\"application\/ld+json\" class=\"yoast-schema-graph\">{\"@context\":\"https:\/\/schema.org\",\"@graph\":[{\"@type\":\"WebPage\",\"@id\":\"https:\/\/augustaabogados.com\/club\/test-de-titol\/\",\"url\":\"https:\/\/augustaabogados.com\/club\/test-de-titol\/\",\"name\":\"Los protagonistas del Club Augusta - Club Augusta\",\"isPartOf\":{\"@id\":\"https:\/\/augustaabogados.com\/club\/#website\"},\"datePublished\":\"2024-07-22T08:55:02+00:00\",\"dateModified\":\"2025-10-16T12:53:16+00:00\",\"breadcrumb\":{\"@id\":\"https:\/\/augustaabogados.com\/club\/test-de-titol\/#breadcrumb\"},\"inLanguage\":\"es\",\"potentialAction\":[{\"@type\":\"ReadAction\",\"target\":[\"https:\/\/augustaabogados.com\/club\/test-de-titol\/\"]}]},{\"@type\":\"BreadcrumbList\",\"@id\":\"https:\/\/augustaabogados.com\/club\/test-de-titol\/#breadcrumb\",\"itemListElement\":[{\"@type\":\"ListItem\",\"position\":1,\"name\":\"Portada\",\"item\":\"https:\/\/augustaabogados.com\/club\/\"},{\"@type\":\"ListItem\",\"position\":2,\"name\":\"Los protagonistas del Club Augusta\"}]},{\"@type\":\"WebSite\",\"@id\":\"https:\/\/augustaabogados.com\/club\/#website\",\"url\":\"https:\/\/augustaabogados.com\/club\/\",\"name\":\"augusta abogados\",\"description\":\"\",\"publisher\":{\"@id\":\"https:\/\/augustaabogados.com\/club\/#organization\"},\"potentialAction\":[{\"@type\":\"SearchAction\",\"target\":{\"@type\":\"EntryPoint\",\"urlTemplate\":\"https:\/\/augustaabogados.com\/club\/?s={search_term_string}\"},\"query-input\":{\"@type\":\"PropertyValueSpecification\",\"valueRequired\":true,\"valueName\":\"search_term_string\"}}],\"inLanguage\":\"es\"},{\"@type\":\"Organization\",\"@id\":\"https:\/\/augustaabogados.com\/club\/#organization\",\"name\":\"augusta abogados\",\"url\":\"https:\/\/augustaabogados.com\/club\/\",\"logo\":{\"@type\":\"ImageObject\",\"inLanguage\":\"es\",\"@id\":\"https:\/\/augustaabogados.com\/club\/#\/schema\/logo\/image\/\",\"url\":\"https:\/\/augustaabogados.com\/club\/wp-content\/uploads\/2023\/12\/LOGO-CLUB-AUGUSTA.svg\",\"contentUrl\":\"https:\/\/augustaabogados.com\/club\/wp-content\/uploads\/2023\/12\/LOGO-CLUB-AUGUSTA.svg\",\"width\":288,\"height\":88,\"caption\":\"augusta abogados\"},\"image\":{\"@id\":\"https:\/\/augustaabogados.com\/club\/#\/schema\/logo\/image\/\"}}]}<\/script>\n<!-- \/ Yoast SEO plugin. -->","yoast_head_json":{"title":"Los protagonistas del Club Augusta - Club Augusta","robots":{"index":"index","follow":"follow","max-snippet":"max-snippet:-1","max-image-preview":"max-image-preview:large","max-video-preview":"max-video-preview:-1"},"canonical":"https:\/\/augustaabogados.com\/club\/test-de-titol\/","og_locale":"es_ES","og_type":"article","og_title":"Los protagonistas del Club Augusta - Club Augusta","og_description":"Los protagonistas del Club Augusta &nbsp; Cristian Pascual | Fundador y CEO de MEDIKTOR y presidente del Barcelona Health Hub Fundaci\u00f3n e historia de Mediktor, herramienta de triaje de pacientes y pre-identificaci\u00f3n de enfermedades en la inteligencia artificial &nbsp; Christian Meyer | CEO y fundador de&nbsp;BEXFY&nbsp; Creaci\u00f3n e historia de BEXFY. El mundo de la [&hellip;]","og_url":"https:\/\/augustaabogados.com\/club\/test-de-titol\/","og_site_name":"Club Augusta","article_modified_time":"2025-10-16T12:53:16+00:00","twitter_card":"summary_large_image","twitter_misc":{"Tiempo de lectura":"4 minutos"},"schema":{"@context":"https:\/\/schema.org","@graph":[{"@type":"WebPage","@id":"https:\/\/augustaabogados.com\/club\/test-de-titol\/","url":"https:\/\/augustaabogados.com\/club\/test-de-titol\/","name":"Los protagonistas del Club Augusta - Club Augusta","isPartOf":{"@id":"https:\/\/augustaabogados.com\/club\/#website"},"datePublished":"2024-07-22T08:55:02+00:00","dateModified":"2025-10-16T12:53:16+00:00","breadcrumb":{"@id":"https:\/\/augustaabogados.com\/club\/test-de-titol\/#breadcrumb"},"inLanguage":"es","potentialAction":[{"@type":"ReadAction","target":["https:\/\/augustaabogados.com\/club\/test-de-titol\/"]}]},{"@type":"BreadcrumbList","@id":"https:\/\/augustaabogados.com\/club\/test-de-titol\/#breadcrumb","itemListElement":[{"@type":"ListItem","position":1,"name":"Portada","item":"https:\/\/augustaabogados.com\/club\/"},{"@type":"ListItem","position":2,"name":"Los protagonistas del Club Augusta"}]},{"@type":"WebSite","@id":"https:\/\/augustaabogados.com\/club\/#website","url":"https:\/\/augustaabogados.com\/club\/","name":"augusta abogados","description":"","publisher":{"@id":"https:\/\/augustaabogados.com\/club\/#organization"},"potentialAction":[{"@type":"SearchAction","target":{"@type":"EntryPoint","urlTemplate":"https:\/\/augustaabogados.com\/club\/?s={search_term_string}"},"query-input":{"@type":"PropertyValueSpecification","valueRequired":true,"valueName":"search_term_string"}}],"inLanguage":"es"},{"@type":"Organization","@id":"https:\/\/augustaabogados.com\/club\/#organization","name":"augusta abogados","url":"https:\/\/augustaabogados.com\/club\/","logo":{"@type":"ImageObject","inLanguage":"es","@id":"https:\/\/augustaabogados.com\/club\/#\/schema\/logo\/image\/","url":"https:\/\/augustaabogados.com\/club\/wp-content\/uploads\/2023\/12\/LOGO-CLUB-AUGUSTA.svg","contentUrl":"https:\/\/augustaabogados.com\/club\/wp-content\/uploads\/2023\/12\/LOGO-CLUB-AUGUSTA.svg","width":288,"height":88,"caption":"augusta abogados"},"image":{"@id":"https:\/\/augustaabogados.com\/club\/#\/schema\/logo\/image\/"}}]}},"_links":{"self":[{"href":"https:\/\/augustaabogados.com\/club\/wp-json\/wp\/v2\/pages\/14039","targetHints":{"allow":["GET"]}}],"collection":[{"href":"https:\/\/augustaabogados.com\/club\/wp-json\/wp\/v2\/pages"}],"about":[{"href":"https:\/\/augustaabogados.com\/club\/wp-json\/wp\/v2\/types\/page"}],"author":[{"embeddable":true,"href":"https:\/\/augustaabogados.com\/club\/wp-json\/wp\/v2\/users\/1"}],"replies":[{"embeddable":true,"href":"https:\/\/augustaabogados.com\/club\/wp-json\/wp\/v2\/comments?post=14039"}],"version-history":[{"count":89,"href":"https:\/\/augustaabogados.com\/club\/wp-json\/wp\/v2\/pages\/14039\/revisions"}],"predecessor-version":[{"id":14825,"href":"https:\/\/augustaabogados.com\/club\/wp-json\/wp\/v2\/pages\/14039\/revisions\/14825"}],"wp:attachment":[{"href":"https:\/\/augustaabogados.com\/club\/wp-json\/wp\/v2\/media?parent=14039"}],"curies":[{"name":"wp","href":"https:\/\/api.w.org\/{rel}","templated":true}]}}